{"id":11671,"date":"2019-08-20T11:02:14","date_gmt":"2019-08-20T14:02:14","guid":{"rendered":"http:\/\/projetocineb.com.br\/?page_id=11671"},"modified":"2019-08-20T11:02:14","modified_gmt":"2019-08-20T14:02:14","slug":"confira-as-sessoes-realizadas-em-2019","status":"publish","type":"page","link":"https:\/\/projetocineb.com.br\/?page_id=11671","title":{"rendered":"Confira as sess\u00f5es realizadas em 2019"},"content":{"rendered":"<p><strong>FEVEREIRO<\/strong><br \/>\n<strong>CINEMA NA FEIRA ORG\u00c2NICA DA REGIONAL PAULISTA <\/strong><br \/>\n<strong>FILME: COMER O QU\u00ca?<\/strong><br \/>\n<strong>DIA<\/strong>: 23 de fevereiro | S\u00e1bado | 10h<br \/>\n<strong>LOCAL<\/strong>: Regional Paulista do Sindicato dos Banc\u00e1rios<br \/>\n<strong>ENDERE\u00c7O<\/strong>: Rua Carlos Sampaio,305 \u2013 Bela Vista, S\u00e3o Paulo<br \/>\n<strong>REFER\u00caNCIA<\/strong>: Pr\u00f3ximo ao metr\u00f4 Brigadeiro (Linha Verde)<\/p>\n<p><strong>CINEMA BRASILEIRO NA S\u00c3O JUDAS GUARULHOS<\/strong><br \/>\n<strong>FILME: ERA HOTEL CAMBRIDGE<\/strong><br \/>\n<strong>DIA<\/strong>: 25 de fevereiro | Segunda-feira | 19h<br \/>\n<strong>LOCAL<\/strong>: Universidade S\u00e3o Judas Guarulhos<br \/>\n<strong>ENDERE\u00c7O<\/strong>: Rua do Ros\u00e1rio, 476 \u2013 Macedo, Guarulhos<br \/>\n<strong>REFER\u00caNCIA<\/strong>: Em frente ao Teatro Adamastor<\/p>\n<p><strong>MAR\u00c7O<\/strong><\/p>\n<p><strong>CINEMA BRASILEIRO EM OSASCO<\/strong><br \/>\n<strong>FILME: SOBRE RODAS<\/strong><br \/>\n<strong>DIA<\/strong>: 27 de mar\u00e7o | Quarta-feira | 19h<br \/>\n<strong>LOCAL<\/strong>: Sal\u00e3o de festas da Regional de Osasco<br \/>\n<strong>ENDERE\u00c7O<\/strong>: Rua Presidente Castelo Branco, 150 \u2013 Centro, Osasco<\/p>\n<p><strong>CINEMA BRASILEIRO NO SINDICATO DOS BANC\u00c1RIOS DE SP<\/strong><br \/>\n<strong>FILME: BIENVENIDOS A BOA VISTA<\/strong><br \/>\n<strong>DIA<\/strong>: 28 de mar\u00e7o | Quinta-feira | 19h<br \/>\n<strong>LOCAL<\/strong>: Audit\u00f3rio Amarelo &#8211; Sindicato dos Banc\u00e1rios de SP<br \/>\n<strong>ENDERE\u00c7O<\/strong>: Rua S\u00e3o Bento,413 \u2013 Centro, S\u00e3o Paulo<\/p>\n<p><strong>ABRIL<\/strong><\/p>\n<p><strong>CINEMA BRASILEIRO EM PARAIS\u00d3POLIS<\/strong><br \/>\n<strong>FILME: SOBRE RODAS<\/strong><br \/>\n<strong>DIA<\/strong>: 06 de abril | S\u00e1bado | 19h<br \/>\n<strong>LOCAL<\/strong>: Instituto PROF<br \/>\n<strong>ENDERE\u00c7O<\/strong>: Rua Ernest Renan,261 \u2013 Parais\u00f3polis, S\u00e3o Paulo.<\/p>\n<p><strong>CINEMA BRASILEIRO NA UNI\u00c3O DE VILA NOVA<\/strong><br \/>\n<strong>FILME: SOBRE RODAS<\/strong><br \/>\n<strong>DIA<\/strong>: 12 de abril | Sexta-feira | 19h<br \/>\n<strong>LOCAL<\/strong>: Projeto Cultural Educacional Novo Pantanal (Procedu)<br \/>\n<strong>ENDERE\u00c7O<\/strong>: Rua 5 de novembro, 713 \u2013 Uni\u00e3o de Vila Nova, S\u00e3o Paulo<\/p>\n<p><strong>CINEMA BRASILEIRO NA \u00c1GUA FUNDA<\/strong><br \/>\n<strong>FILME: SOBRE RODAS<\/strong><br \/>\n<strong>DIA<\/strong>: 13 de abril | S\u00e1bado | 19h<br \/>\n<strong>LOCAL<\/strong>: Igreja Santo Afonso<br \/>\n<strong>ENDERE\u00c7O<\/strong>: Rua Manuel Pires 201 \u2013 \u00c1gua Funda, S\u00e3o Paulo<\/p>\n<p><strong>CINEMA BRASILEIRO NA VILA ANGLO<\/strong><br \/>\n<strong>FILME: SOBRE RODAS<\/strong><br \/>\n<strong>DIA<\/strong>: 27 de abril | S\u00e1bado | 19h<br \/>\n<strong>LOCAL<\/strong>: CCA Vila Anglo<br \/>\n<strong>ENDERE\u00c7O<\/strong>: Rua Pedro Soares de Almeida, 134, Piso Superior \u2013 Vila Anglo, S\u00e3o Paulo<br \/>\n<strong>REFER\u00caNCIA<\/strong>: Banco Ita\u00fa da Avenida Heitor Penteado<\/p>\n<p><strong>MAIO<\/strong><\/p>\n<p><strong>CINEMA BRASILEIRO NA UNISANTANNA<\/strong><br \/>\n<strong>FILME: BIENVENIDOS A BOA VISTA<\/strong><br \/>\n<strong>DIA<\/strong>: 13 de maio | Segunda-feira | 19h<br \/>\n<strong>LOCAL<\/strong>: Audit\u00f3rio I \u2013 Bloco 1 \u2013 Unisantanna<br \/>\n<strong>ENDERE\u00c7O<\/strong>: Rua Volunt\u00e1rios da P\u00e1tria, 257\/421 \u2013 Santana, S\u00e3o Paulo<\/p>\n<p><strong>CINEMA BRASILEIRO EM EMBU DAS ARTES<\/strong><br \/>\n<strong>FILME: BENZINHO<\/strong><br \/>\n<strong>DIA:<\/strong> 24 de maio | Sexta-feira | 19h<br \/>\n<strong>LOCAL<\/strong>: Associa\u00e7\u00e3o Comitiva Esperan\u00e7a (ACE)<br \/>\n<strong>ENDERE\u00c7O<\/strong>: Rua Thomaz Ant\u00f4nio Gonzaga S\/N \u2013 Jardim Independ\u00eancia, Embu das Artes<\/p>\n<p><strong>CINEMA BRASILEIRO NO CITY JARAGU\u00c1<\/strong><br \/>\n<strong>FILME: TITO E OS P\u00c1SSAROS<\/strong><br \/>\n<strong>DIA<\/strong>: 25 de maio | S\u00e1bado | 19h<br \/>\n<strong>LOCAL<\/strong>: Campo de futebol em frente \u00e0 Escola City 4<br \/>\n<strong>ENDERE\u00c7O<\/strong>: Rua Henrique Salvatorio \u2013 City Jaragu\u00e1, S\u00e3o Paulo<\/p>\n<p><strong>CINEMA BRASILEIRO NA FIAM FAAM ANA ROSA<\/strong><br \/>\n<strong>FILME: BIENVENIDOS A BOA VISTA<\/strong><br \/>\n<strong>DIA:<\/strong> 27 de maio | Segunda-feira | 19h<br \/>\n<strong>LOCAL<\/strong>: Anfiteatro da FIAM-FAAM<br \/>\n<strong>ENDERE\u00c7O<\/strong>: Rua Vergueiro, 2009 \u2013 Vila Mariana, S\u00e3o Paulo<\/p>\n<p><strong>CINEMA BRASILEIRO NO JARDIM BRAS\u00cdLIA<\/strong><br \/>\n<strong>FILME: BENZINHO<\/strong><br \/>\n<strong>DIA<\/strong>: 30 de maio | Quinta-feira | 19h<br \/>\n<strong>LOCAL<\/strong>: ONG Juntos<br \/>\n<strong>ENDERE\u00c7O<\/strong>: Rua Canfora,90 \u2013 Jardim Bras\u00edlia, S\u00e3o Paulo<\/p>\n<p><strong>JUNHO<\/strong><\/p>\n<p><strong>CINEMA BRASILEIRO NA FIAM FAAM ANA ROSA<\/strong><br \/>\n<strong>FILME: O OLHO E A FACA<\/strong><br \/>\n<strong>DIA<\/strong>: 15 de junho | S\u00e1bado | 13h<br \/>\n<strong>LOCAL<\/strong>: Anfiteatro da FIAM FAAM<br \/>\n<strong>ENDERE\u00c7O<\/strong>: Rua Vergueiro, 2009 \u2013 Vila Mariana, S\u00e3o Paulo<\/p>\n<p><strong>CINEMA BRASILEIRO NO SANTU\u00c1RIO NOSSA SENHORA DA PAZ<\/strong><br \/>\n<strong>FILME: O OLHO E A FACA<\/strong><br \/>\n<strong>DIA<\/strong>: 25 de junho | Ter\u00e7a-feira | 20h<br \/>\n<strong>LOCAL<\/strong>: Sal\u00e3o Paroquial Santu\u00e1rio Nossa Senhora da Paz<br \/>\n<strong>ENDERE\u00c7O<\/strong>: Av. Maria Luiza Americano, 1561 \u2013 Jd. Nossa Senhora do Carmo<\/p>\n<p><strong>CINEMA BRASILEIRO NO SINDICATO DOS BANC\u00c1RIOS DE SP<\/strong><br \/>\n<strong>FILME: O OLHO E A FACA<\/strong><br \/>\n<strong>DIA<\/strong>: 26 de junho | Quarta-feira | 19h<br \/>\n<strong>LOCAL<\/strong>: Audit\u00f3rio Amarelo &#8211; Sindicato dos Banc\u00e1rios de SP<br \/>\n<strong>ENDERE\u00c7O<\/strong>: Rua S\u00e3o Bento, 413 \u2013 Centro, S\u00e3o Paulo<\/p>\n<p><strong>CINEMA BRASILEIRO NO JARDIM BELA VISTA<\/strong><br \/>\n<strong>FILME: TITO E OS P\u00c1SSAROS<\/strong><br \/>\n<strong>DIA<\/strong>: 28 de junho | Sexta-feira | 19h<br \/>\n<strong>LOCAL<\/strong>: Associa\u00e7\u00e3o SSJ S\u00e3o Jos\u00e9<br \/>\n<strong>ENDERE\u00c7O<\/strong>: Rua Ant\u00f4nio Machado Sant\u2019Ana, 1621 \u2013 Jardim Bela Vista<\/p>\n<p><strong>JULHO<\/strong><\/p>\n<p><strong>CINEMA BRASILEIRO NA CIDADE A.E. CARVALHO<\/strong><br \/>\n<strong>FILME: BENZINHO<\/strong><br \/>\n<strong>DIA<\/strong>: 19 de julho | Sexta-feira | 19h<br \/>\n<strong>LOCAL<\/strong>: Par\u00f3quia Cristo Ressuscitado<br \/>\n<strong>ENDERE\u00c7O<\/strong>: Av. Campanella,814 \u2013 Cidade A.E.Carvalho, S\u00e3o Paulo<\/p>\n<p><strong>CINEMA BRASILEIRO NO JARDIM CAMPINAS<\/strong><br \/>\n<strong>FILME: BENZINHO<\/strong><br \/>\n<strong>DIA<\/strong>: 26 de julho | Sexta-feira | 19h<br \/>\n<strong>LOCAL<\/strong>: CEI Jardim Campinas<br \/>\n<strong>ENDERE\u00c7O<\/strong>: Rua Rio S\u00e3o Louren\u00e7o, 64 A \u2013 Jardim Campinas, S\u00e3o Paulo<br \/>\n<strong>REFER\u00caNCIA<\/strong>: UBS Novo Horizonte<\/p>\n<p><strong>AGOSTO<\/strong><\/p>\n<p><strong>CINEMA BRASILEIRO NO HELI\u00d3POLIS<\/strong><br \/>\n<strong>FILME: FESTIVAL DE CURTAS<\/strong><br \/>\n<strong>DIA<\/strong>: 9 de agosto | Sexta-feira | 19h<br \/>\n<strong>LOCAL<\/strong>: UNAS<br \/>\n<strong>ENDERE\u00c7O<\/strong>: Rua da Mina Central, 38 \u2013 Cidade Nova Heli\u00f3polis, S\u00e3o Paulo<\/p>\n<p><strong>CINEMA BRASILEIRO NA OCUPA\u00c7\u00c3O 9 DE JULHO<\/strong><br \/>\n<strong>FILME: FESTIVAL DE CURTAS<\/strong><br \/>\n<strong>DIA<\/strong>: 10 de agosto | S\u00e1bado | 19h<br \/>\n<strong>LOCAL<\/strong>: Ocupa\u00e7\u00e3o 9 de Julho<br \/>\n<strong>ENDERE\u00c7O<\/strong>: Rua \u00c1lvaro de Carvalho, 427 &#8211; Bela Vista, S\u00e3o Paulo &#8211; SP<\/p>\n<p><strong>CINEMA BRASILEIRO NO JD NOSSA SENHORA DE F\u00c1TIMA<\/strong><br \/>\n<strong>FILME: QUE HORAS ELA VOLTA?<\/strong><br \/>\n<strong>DIA<\/strong>: 23 de agosto | Sexta-feira | 19h<br \/>\n<strong>LOCAL<\/strong>: P\u00e1tio da Escola Reynaldo Ramos Saldanha da Gama<br \/>\n<strong>ENDERE\u00c7O<\/strong>: Rua Narumi Nakayama,608 \u2013 Jardim N.S. de F\u00e1tima, Embu das Artes<\/p>\n<p><strong>CINEMA BRASILEIRO NO SINDICATO DOS BANC\u00c1RIOS DE SP<\/strong><br \/>\n<strong>FILME: FIOS DE ALTA TENS\u00c3O<\/strong><br \/>\n<strong>DIA:<\/strong> 28 de agosto | Quinta-feira | 19h<br \/>\n<strong>LOCAL<\/strong>: Audit\u00f3rio Amarelo &#8211; Sindicato dos Banc\u00e1rios de SP<br \/>\n<strong>ENDERE\u00c7O<\/strong>: Rua S\u00e3o Bento,413 \u2013 Centro, S\u00e3o Paulo<\/p>\n<p><strong>CINEMA BRASILEIRO NO GRAJA\u00da<\/strong><br \/>\n<strong>FILME: FIOS DE ALTA TENS\u00c3O<\/strong><br \/>\n<strong>DIA<\/strong>: 29 de agosto | Sexta-feira | 19h<br \/>\n<strong>LOCAL<\/strong>: E. E. Herbert Baldus<br \/>\n<strong>ENDERE\u00c7O<\/strong>: Rua Can\u00e7\u00e3o da Terra, 100 \u2013 Jardim S\u00e3o Bernardo, S\u00e3o Paulo<\/p>\n<p><strong>CINEMA BRASILEIRO NA VILA RICA<\/strong><br \/>\n<strong>FILME: FESTIVAL DE CURTAS<\/strong><br \/>\n<strong>DIA<\/strong>: 30 de agosto | Sexta-feira | 19h<br \/>\n<strong>LOCAL<\/strong>: Associa\u00e7\u00e3o de Moradores do Bairro de Vila Rica<br \/>\n<strong>ENDERE\u00c7O<\/strong>: Rua Jo\u00e3o Batista Lima, 47<br \/>\n<strong>REFER\u00caNCIA<\/strong>: pr\u00f3ximo ao Emef Roquete Pinto<\/p>\n<p><strong>SETEMBRO<\/strong><\/p>\n<p><strong>CINEMA BRASILEIRO NA FIAM FAAM MORUMBI<\/strong><br \/>\n<strong>FILME: FIOS DE ALTA TENS\u00c3O<\/strong><br \/>\n<strong>DIA<\/strong>: 04 de setembro | quarta-feira | 19h<br \/>\n<strong>LOCAL<\/strong>: Audit\u00f3rio da Universidade FIAM FAAM Morumbi<br \/>\n<strong>ENDERE\u00c7O<\/strong>: Avenida Morumbi, 501 &#8211; Morumbi, S\u00e3o Paulo<\/p>\n<p><strong>CINEMA BRASILEIRO NA VILA CAMPANELLA<\/strong><br \/>\n<strong>FILME: QUE HORAS ELA VOLTA?<\/strong><br \/>\n<strong>DIA<\/strong>: 12 de setembro | quinta-feira | 19h<br \/>\n<strong>LOCAL<\/strong>: Escola Maria Cec\u00edlia da Silva Grohmann<br \/>\n<strong>ENDERE\u00c7O<\/strong>: Rua Jos\u00e9 Alves dos Santos, 19A &#8211; Vila Campanella, S\u00e3o Paulo<br \/>\n<strong>REFER\u00caNCIA<\/strong>: Pr\u00f3ximo Shopping Itaquera<\/p>\n<p><strong>CINEMA BRASILEIRO NO CITY JARAGU\u00c1 \u2013 AO AR LIVRE<\/strong><br \/>\n<strong>FILME: CURTAS<\/strong><br \/>\n<strong>DIA<\/strong>: 21 de setembro | s\u00e1bado | 19h<br \/>\n<strong>LOCAL<\/strong>: Campo de futebol em frente \u00e0 Escola City 4<br \/>\n<strong>ENDERE\u00c7O<\/strong>: Rua Henrique Salvatorio &#8211; City Jaragu\u00e1, S\u00e3o Paulo<\/p>\n<p><strong>CINEMA BRASILEIRO NO JARDIM ARIZI<\/strong><br \/>\n<strong>FILME: CURTAS<\/strong><br \/>\n<strong>DIA<\/strong>: 26 de setembro | quinta-feira | 19h<br \/>\n<strong>LOCAL<\/strong>: CCA Juntos<br \/>\n<strong>ENDERE\u00c7O<\/strong>: Rua Frederico Severo, 50 \u2013 Jd. Arizi, S\u00e3o Paulo<br \/>\n<strong>REFER\u00caNCIA<\/strong>: Travessa do Carrefour<\/p>\n<p><strong>CINEMA BRASILEIRO EM PERUS<\/strong><br \/>\n<strong>FILME: QUE HORAS ELA VOLTA?<\/strong><br \/>\n<strong>DIA<\/strong>: 30 de setembro | segunda-feira | 19h<br \/>\n<strong>LOCAL<\/strong>: Cieja Perus<br \/>\n<strong>ENDERE\u00c7O<\/strong>: Rua Francisco Jos\u00e9 de Barros, 160 &#8211; Vila In\u00e1cio, S\u00e3o Paulo<\/p>\n<p><strong>OUTUBRO<\/strong><\/p>\n<p><strong>CINEMA BRASILEIRO NO SINDICATO DOS BANC\u00c1RIOS DE SP<\/strong><br \/>\n<strong>FILME: BACURAU<\/strong><br \/>\n<strong>DIA<\/strong>: 09 de outubro | quarta-feira | 19h<br \/>\n<strong>LOCAL<\/strong>: Audit\u00f3rio Amarelo &#8211; Sindicato dos Banc\u00e1rios de SP<br \/>\n<strong>ENDERE\u00c7O<\/strong>: Rua S\u00e3o Bento, 413 &#8211; Centro, S\u00e3o Paulo<\/p>\n<p><strong>CINEMA BRASILEIRO NA REGIONAL OSASCO<\/strong><br \/>\n<strong>FILME: DEMOCRACIA EM VERTIGEM<\/strong><br \/>\n<strong>DIA<\/strong>: 22 de outubro |ter\u00e7a-feira | 19h<br \/>\n<strong>LOCAL<\/strong>: Audit\u00f3rio da Regional de Osasco do Sindicato dos Banc\u00e1rios<br \/>\n<strong>ENDERE\u00c7O<\/strong>: Rua Presidente Castelo Branco, 150 \u2013 Osasco<\/p>\n<p><strong>CINEMA BRASILEIRO NA FIAM FAAM ANA ROSA<\/strong><br \/>\n<strong>FILME: DEMOCRACIA EM VERTIGEM<\/strong><br \/>\n<strong>DIA<\/strong>: 23 de outubro | quarta-feira | 9h<br \/>\n<strong>LOCAL<\/strong>: Anfiteatro da Fiam-Faam<br \/>\n<strong>ENDERE\u00c7O<\/strong>: Rua Vergueiro, 2009 \u2013 Vila Mariana, S\u00e3o Paulo<\/p>\n<p><strong>CINEMA BRASILEIRO NO JARDIM GISMAR<\/strong><br \/>\n<strong>FILME: BACURAU<\/strong><br \/>\n<strong>DIA<\/strong>: 25 de outubro | sexta-feira | 19h<br \/>\n<strong>LOCAL<\/strong>: E.E. Professor Leopoldo Santana<br \/>\n<strong>ENDERE\u00c7O<\/strong>: Rua Manoel Duarte Oliveira,151 \u2013 Jardim Gismar, S\u00e3o Paulo<br \/>\n<strong>REFER\u00caNCIA<\/strong>: Perto Mercado Barbosa | pr\u00f3ximo Metr\u00f4 Cap\u00e3o Redondo<\/p>\n<p><strong>CINEMA BRASILEIRO EM PARAIS\u00d3POLIS<\/strong><br \/>\n<strong>FILME: Curtas<\/strong><br \/>\n<strong>DIA<\/strong>: 26 de outubro | s\u00e1bado | 19h<br \/>\n<strong>LOCAL<\/strong>: Instituto PROF<br \/>\n<strong>ENDERE\u00c7O<\/strong>: Rua Ernest Renan,261- Parais\u00f3polis, S\u00e3o Paulo<\/p>\n<p><strong>CINEMA BRASILEIRO NO JARDIM ANGELA<\/strong><br \/>\n<strong>FILME: IRM\u00c3 DULCE<\/strong><br \/>\n<strong>DIA<\/strong>: 28 de outubro | segunda-feira | 19h<br \/>\n<strong>LOCAL<\/strong>: Sal\u00e3o da Par\u00f3quia Santos M\u00e1rtires<br \/>\n<strong>ENDERE\u00c7O<\/strong>: Rua Luis Baldinato, 09 \u2013 Jardim \u00c2ngela, S\u00e3o Paulo<\/p>\n<p><strong>CINEMA BRASILEIRO EM ITAQUERA<\/strong><br \/>\n<strong>FILME: CURTAS<\/strong><br \/>\nDIA: 31 de outubro | Quinta-feira | 19h<br \/>\nLOCAL: N\u00facleo de Conviv\u00eancia de Idoso Nossa Senhora de Lourdes<br \/>\n<strong>ENDERE\u00c7O<\/strong>: Avenida Pires do Rio, 3.185 \u2013 Itaquera, S\u00e3o Paulo<\/p>\n<p><strong>NOVEMBRO<\/strong><\/p>\n<p><strong>CINEMA BRASILEIRO NA OCUPA\u00c7\u00c3O NOVA PALESTINA AO AR LIVRE<\/strong><br \/>\n<strong>FILME: BACURAU<\/strong><br \/>\n<strong>DATA:<\/strong> 01 de novembro | sexta-feira | 19h<br \/>\n<strong>LOCAL<\/strong>: Ocupa\u00e7\u00e3o Nova Palestina MTST<br \/>\n<strong>ENDERE\u00c7O<\/strong>: Avenida Clamecy, S\/N \u2013 Jardim \u00c2ngela, S\u00e3o Paulo<\/p>\n<p><strong>CINEMA BRASILEIRO NA PENHA<\/strong><br \/>\n<strong>FILME: Fios de Alta Tens\u00e3o<\/strong><br \/>\n<strong>DIA<\/strong>: 09 de novembro | s\u00e1bado | 19h<br \/>\n<strong>LOCAL<\/strong>: Largo do Ros\u00e1rio, em frente \u00e0 igreja do Ros\u00e1rio dos Homens Pretos<br \/>\n<strong>ENDERE\u00c7O<\/strong>: Largo do Ros\u00e1rio, s\/n &#8211; Penha, S\u00e3o Paulo<\/p>\n<p><strong>8\u00ba PR\u00caMIO CINEB SOLAR<\/strong><br \/>\n<strong>DIA:<\/strong> 26\/11 | ter\u00e7a-feira | 19h<br \/>\n<strong>LOCAL<\/strong>: Caf\u00e9 dos Banc\u00e1rios<br \/>\n<strong>ENDERE\u00c7O<\/strong>: Pr\u00e9dio Martinelli, Centro de S\u00e3o Paulo.<\/p>\n<p><strong>DEZEMBRO<\/strong><\/p>\n<p><strong>CINEMA BRASILEIRO NO JARDIM MARIA LUIZA<\/strong><br \/>\n<strong>FILME: CURTAS<\/strong><br \/>\n<strong>DIA<\/strong>: 11\/12 | quarta-feira |19h<br \/>\n<strong>LOCAL<\/strong>: Pra\u00e7a Antonio Bianco<br \/>\n<strong>ENDERE\u00c7O<\/strong>: Rua Padre Alarico Zacarias s\/n \u2013 Jd Maria Luiza<\/p>\n<p><strong>CINEMA BRASILERO NO SANTU\u00c1RIO NOSSA SENHORA DA PAZ<\/strong><br \/>\n<strong>FILMES: IRM\u00c3 DULCE<\/strong><br \/>\n<strong>DIA:<\/strong> 17\/12 | ter\u00e7a-feira | 20h<br \/>\n<strong>LOCAL<\/strong>: Santu\u00e1rio Nossa Senhora da Paz<br \/>\n<strong>ENDERE\u00c7O:<\/strong> Av. Maria Luiza Americano, 1561 &#8211; Jd. Nossa Senhora do Carmo<\/p>\n","protected":false},"excerpt":{"rendered":"<p>FEVEREIRO CINEMA NA FEIRA ORG\u00c2NICA DA REGIONAL PAULISTA FILME: COMER O QU\u00ca? DIA: 23 de fevereiro | S\u00e1bado | 10h[&#8230;]<\/p>\n","protected":false},"author":3,"featured_media":0,"parent":0,"menu_order":0,"comment_status":"closed","ping_status":"closed","template":"","meta":[],"_links":{"self":[{"href":"https:\/\/projetocineb.com.br\/index.php?rest_route=\/wp\/v2\/pages\/11671"}],"collection":[{"href":"https:\/\/projetocineb.com.br\/index.php?rest_route=\/wp\/v2\/pages"}],"about":[{"href":"https:\/\/projetocineb.com.br\/index.php?rest_route=\/wp\/v2\/types\/page"}],"author":[{"embeddable":true,"href":"https:\/\/projetocineb.com.br\/index.php?rest_route=\/wp\/v2\/users\/3"}],"replies":[{"embeddable":true,"href":"https:\/\/projetocineb.com.br\/index.php?rest_route=%2Fwp%2Fv2%2Fcomments&post=11671"}],"version-history":[{"count":0,"href":"https:\/\/projetocineb.com.br\/index.php?rest_route=\/wp\/v2\/pages\/11671\/revisions"}],"wp:attachment":[{"href":"https:\/\/projetocineb.com.br\/index.php?rest_route=%2Fwp%2Fv2%2Fmedia&parent=11671"}],"curies":[{"name":"wp","href":"https:\/\/api.w.org\/{rel}","templated":true}]}}