{"id":462,"date":"2012-05-14T10:22:34","date_gmt":"2012-05-14T13:22:34","guid":{"rendered":"http:\/\/projetocineb.com.br\/?page_id=462"},"modified":"2025-05-12T21:17:31","modified_gmt":"2025-05-13T00:17:31","slug":"sobre-o-cineb","status":"publish","type":"page","link":"https:\/\/projetocineb.com.br\/?page_id=462","title":{"rendered":"SOBRE O CINEB"},"content":{"rendered":"<p><img fetchpriority=\"high\" decoding=\"async\" class=\"aligncenter wp-image-21963 size-large\" src=\"http:\/\/projetocineb.com.br\/wp-content\/uploads\/2024\/05\/82-IMG_4410-1024x683.jpg\" alt=\"\" width=\"840\" height=\"560\" srcset=\"https:\/\/projetocineb.com.br\/wp-content\/uploads\/2024\/05\/82-IMG_4410-1024x683.jpg 1024w, https:\/\/projetocineb.com.br\/wp-content\/uploads\/2024\/05\/82-IMG_4410-300x200.jpg 300w, https:\/\/projetocineb.com.br\/wp-content\/uploads\/2024\/05\/82-IMG_4410-768x512.jpg 768w, https:\/\/projetocineb.com.br\/wp-content\/uploads\/2024\/05\/82-IMG_4410-1536x1024.jpg 1536w, https:\/\/projetocineb.com.br\/wp-content\/uploads\/2024\/05\/82-IMG_4410-2048x1365.jpg 2048w, https:\/\/projetocineb.com.br\/wp-content\/uploads\/2024\/05\/82-IMG_4410-840x560.jpg 840w, https:\/\/projetocineb.com.br\/wp-content\/uploads\/2024\/05\/82-IMG_4410-120x80.jpg 120w, https:\/\/projetocineb.com.br\/wp-content\/uploads\/2024\/05\/82-IMG_4410-360x240.jpg 360w, https:\/\/projetocineb.com.br\/wp-content\/uploads\/2024\/05\/82-IMG_4410-600x400.jpg 600w\" sizes=\"(max-width: 840px) 100vw, 840px\" \/><\/p>\n<p style=\"text-align: justify;\">O CINEB \u00e9 um circuito itinerante de cinema realizado pelo Sindicato dos Banc\u00e1rios de S\u00e3o Paulo, Osasco e Regi\u00e3o e pela Brazucah Produ\u00e7\u00f5es. Desde 2007, j\u00e1 atingiu um p\u00fablico superior a 93 mil espectadores em mais de 752<strong>\u00a0<\/strong>sess\u00f5es gratuitas realizadas em comunidades e universidades de S\u00e3o Paulo. A iniciativa busca democratizar o acesso ao cinema nacional e divulgar os filmes produzidos no Brasil. J\u00e1 foram exibidos na tela do CINEB mais de 180 longas metragens e 73 curtas metragens, al\u00e9m da realiza\u00e7\u00e3o de pr\u00e9-estreias exclusivas<em>.<\/em><\/p>\n<p>O CineB ap\u00f3s 18 anos de exist\u00eancia, a partir de 2018 iniciou suas atividades\u00a0 com uma novidade: as sess\u00f5es s\u00e3o exibidas utilizando-se de energia solar captada atrav\u00e9s de um ve\u00edculo equipado com placas solares, baterias e conversor. O equipamento transforma a energia do sol em energia el\u00e9trica para alimentar o sistema de proje\u00e7\u00e3o e o som dos filmes. O furg\u00e3o do CineBSolar \u00e9 adaptado com as placas fotovoltaicas no teto e carrega todo o cinema: cadeiras e banquetas, os sistemas de convers\u00e3o de energia e armazenamento (que garante 20 horas de autonomia e<br \/>funcionamento), de som e proje\u00e7\u00e3o, incluindo a tela. Al\u00e9m de tudo isso, o espa\u00e7o se transforma em uma esta\u00e7\u00e3o m\u00f3vel de ci\u00eancias, arte, tecnologia, sustentabilidade e cultura . Com infogr\u00e1ficos, ilumina\u00e7\u00e3o e decora\u00e7\u00e3o especial &#8211; feita com materiais reciclados e objetos com princ\u00edpios de magnetismo e eletricidade como laser e bola de plasma -, o ve\u00edculo \u00e9 uma atra\u00e7\u00e3o \u00e0 parte, que encanta pessoas de todas as idades e mostra, de maneira descontra\u00edda e divertida, como a luz do sol se transforma em energia el\u00e9trica. A proposta com o CineB Solar \u00e9 integrar o trabalho social realizado pelo CineB h\u00e1 mais de 18 anos nas comunidades de S\u00e3o Paulo, Osasco e regi\u00e3o, com um trabalho de consci\u00eancia ambiental e sustentabilidade. Al\u00e9m das exibi\u00e7\u00f5es comunit\u00e1rias, o projeto tamb\u00e9m realiza sess\u00f5es gratuitas em faculdades e universidades parceiras do CineB. Nestas sess\u00f5es n\u00e3o \u00e9 utilizado o carro do CINEB SOLAR; a ideia \u00e9 utilizar a estrutura que as institui\u00e7\u00f5es possuem, como audit\u00f3rios equipados com projetor digital e som, e transformar esses locais em salas de exibi\u00e7\u00e3o.<\/p>\n<blockquote>\n<h3><span style=\"color: #000000;\">Desde 2007, o p\u00fablico acumulado do CINEB foi de mais de 93 mil espectadores em mais de 752 exibi\u00e7\u00f5es.<\/span><\/h3>\n<\/blockquote>\n<p style=\"text-align: justify;\"><span style=\"color: #000000;\">Despertar o interesse pelo cinema nacional \u00e9 a proposta deste circuito, realizado pelo Sindicato dos Banc\u00e1rios de S\u00e3o Paulo, Osasco e Regi\u00e3o e produzido pela Brazucah Produ\u00e7\u00f5es. &#8220;Acreditamos na arte como transformadora da sociedade&#8221;, ressalta a presidenta do Sindicato, Ivone Silva. &#8220;E o trabalhador tem direito ao acesso ao lazer e \u00e0 cultura&#8221;, comenta ela, que \u00e9 uma das idealizadoras do \u00a0CINEB.<\/span><\/p>\n<p><img decoding=\"async\" class=\"aligncenter wp-image-21996 size-full\" src=\"http:\/\/projetocineb.com.br\/wp-content\/uploads\/2024\/05\/Cidalio-e-Ivone.jpeg\" alt=\"\" width=\"683\" height=\"1024\" srcset=\"https:\/\/projetocineb.com.br\/wp-content\/uploads\/2024\/05\/Cidalio-e-Ivone.jpeg 683w, https:\/\/projetocineb.com.br\/wp-content\/uploads\/2024\/05\/Cidalio-e-Ivone-200x300.jpeg 200w\" sizes=\"(max-width: 683px) 100vw, 683px\" \/><\/p>\n<p>Cid\u00e1lio Vieira Santos, coordenador do CineB e Ivone Silva, presidenta do Sindicato dos Banc\u00e1rios de S\u00e3o Paulo, Osasco e Regi\u00e3o.<\/p>\n<p style=\"text-align: justify;\"><span style=\"color: #000000;\">Voltado principalmente \u00e0 parcela da popula\u00e7\u00e3o que n\u00e3o tem acesso \u00e0s salas comerciais, o projeto recebe o convite das comunidades para realizar as exibi\u00e7\u00f5es. Al\u00e9m de formar plateia, procura democratizar o acesso a diferentes formatos. &#8220;Se j\u00e1 \u00e9 dif\u00edcil achar os longa metragens nacionais, mais dif\u00edcil ainda \u00e9 encontrar os curtas-metragens. Se a comunidade tem pouco acesso ao cinema comercial, o que dizer dos festivais, onde \u00e9 mais comum a exibi\u00e7\u00e3o dos filmes de curta dura\u00e7\u00e3o&#8221;, questiona Cynthia Alario, diretora da Brazucah Produ\u00e7\u00f5es.<\/span><\/p>\n<blockquote>\n<h4>Mais de 180 t\u00edtulos de curtas e longas metragens foram exibidos no CINEB.<\/h4>\n<\/blockquote>\n<p style=\"text-align: justify;\"><span style=\"color: #000000;\">&#8220;Quando voltamos a uma comunidade alguns meses depois com o CINE B, o p\u00fablico \u00e9 sempre maior que o anterior&#8221;, comenta o ex-deputado estadual e um dos idealizadores do projeto, Luiz Cl\u00e1udio Marcolino. &#8220;Isso mostra que o p\u00fablico gosta e confia no CINE B, e cada vez mais novos espectadores tem contato com a cultura brasileira&#8221;, completa Marcolino, que tamb\u00e9m \u00e9 ex-presidente do Sindicato dos Banc\u00e1rios.<\/span><\/p>\n<h2><strong>CINEB COMUNIDADE<\/strong><\/h2>\n<p>S\u00e3o cerca de 40 sess\u00f5es por ano, organizadas em espa\u00e7os p\u00fablicos como parques, pra\u00e7as, quadras poliesportivas, ruas e vielas al\u00e9m de entidades da sociedade civil, sal\u00f5es paroquiais, igrejas, condom\u00ednios, creches, escolas municipais e estaduais. O CineB oferece toda a estrutura como tel\u00e3o com projeto de alta qualidade, equipamento de som, cadeiras e pipoca para que a comunidade tenha a experi\u00eancia de uma verdadeira sala de cinema.<\/p>\n<p><img decoding=\"async\" class=\"aligncenter wp-image-22004 size-full\" src=\"http:\/\/projetocineb.com.br\/wp-content\/uploads\/2024\/05\/comunidades-2.png\" alt=\"\" width=\"1080\" height=\"1350\" srcset=\"https:\/\/projetocineb.com.br\/wp-content\/uploads\/2024\/05\/comunidades-2.png 1080w, https:\/\/projetocineb.com.br\/wp-content\/uploads\/2024\/05\/comunidades-2-240x300.png 240w, https:\/\/projetocineb.com.br\/wp-content\/uploads\/2024\/05\/comunidades-2-819x1024.png 819w, https:\/\/projetocineb.com.br\/wp-content\/uploads\/2024\/05\/comunidades-2-768x960.png 768w\" sizes=\"(max-width: 1080px) 100vw, 1080px\" \/><\/p>\n<p>\u00a0<\/p>\n<h2><strong>CINEB UNIVERSIDADE<\/strong><\/h2>\n<p>Al\u00e9m das exibi\u00e7\u00f5es p\u00fablicas em bairros, ruas, pra\u00e7as e entidades comunit\u00e1rias, o projeto tamb\u00e9m realiza sess\u00f5es gratuitas dentro de universidades. A ideia \u00e9 utilizar a estrutura que as escolas j\u00e1 possuem, como audit\u00f3rios equipados com projetor digital e som, e transformar esses locais em salas de exibi\u00e7\u00e3o. Desde 2010, foram 95 sess\u00f5es em universidades de S\u00e3o Paulo , com a presen\u00e7a de 10.640 alunos e professores, sempre com debates seguidos da exibi\u00e7\u00e3o em institui\u00e7\u00f5es de ensino parceiras do CINEB.<\/p>\n<p><img loading=\"lazy\" decoding=\"async\" class=\"aligncenter wp-image-22005 size-full\" src=\"http:\/\/projetocineb.com.br\/wp-content\/uploads\/2024\/05\/universidades.png\" alt=\"\" width=\"2000\" height=\"1600\" srcset=\"https:\/\/projetocineb.com.br\/wp-content\/uploads\/2024\/05\/universidades.png 2000w, https:\/\/projetocineb.com.br\/wp-content\/uploads\/2024\/05\/universidades-300x240.png 300w, https:\/\/projetocineb.com.br\/wp-content\/uploads\/2024\/05\/universidades-1024x819.png 1024w, https:\/\/projetocineb.com.br\/wp-content\/uploads\/2024\/05\/universidades-768x614.png 768w, https:\/\/projetocineb.com.br\/wp-content\/uploads\/2024\/05\/universidades-1536x1229.png 1536w\" sizes=\"(max-width: 2000px) 100vw, 2000px\" \/><\/p>\n<h2><strong>NOVO FORMATO DURANTE A PANDEMIA:<\/strong><\/h2>\n<p>No ano de 2020 ,durante a quarentena, planejamos\u00a0 novas formas de estar com o projeto acontecendo . Preparamos a\u00e7\u00f5es para que todos pudessem ficar em casa , se divertir com um sess\u00e3o de cinema. Nossa proposta aconteceu de tr\u00eas maneiras: <strong>CineB SOLAR JANELA:<\/strong> o projeto selecionou espa\u00e7os nas comunidades contempladas onde havia conjuntos de pr\u00e9dios, montou sua tela na rua ou realizou sua proje\u00e7\u00e3o em parede, e as pessoas assistiram ao filme de suas janelas. <strong>CineB AUTORAMA: <\/strong>retomamos o modelo de exibi\u00e7\u00e3o dos charmosos DRIVE-INS das d\u00e9cadas de 50 e 60 , ao ar livre, onde as pessoas assistiram aos filmes no conforto de seus carros. <strong>CineB ONLINE:<\/strong> Organizamos \u00a0lives com representantes do cinema brasileiro, ou foi feito a exibi\u00e7\u00e3o de filmes para que pud\u00e9ssemos discutir juntos. A atividade foi gratuita e aberta para professores e alunos de universidades e de escolas p\u00fablicas de maneira online.<\/p>\n<figure id=\"attachment_22008\" aria-describedby=\"caption-attachment-22008\" style=\"width: 768px\" class=\"wp-caption aligncenter\"><img loading=\"lazy\" decoding=\"async\" class=\"wp-image-22008 size-full\" src=\"http:\/\/projetocineb.com.br\/wp-content\/uploads\/2024\/05\/CineB-na-Janela.jpeg\" alt=\"\" width=\"768\" height=\"432\" srcset=\"https:\/\/projetocineb.com.br\/wp-content\/uploads\/2024\/05\/CineB-na-Janela.jpeg 768w, https:\/\/projetocineb.com.br\/wp-content\/uploads\/2024\/05\/CineB-na-Janela-300x169.jpeg 300w\" sizes=\"(max-width: 768px) 100vw, 768px\" \/><figcaption id=\"caption-attachment-22008\" class=\"wp-caption-text\">CineB na janela<\/figcaption><\/figure>\n<p>\u00a0<\/p>\n<figure id=\"attachment_22009\" aria-describedby=\"caption-attachment-22009\" style=\"width: 840px\" class=\"wp-caption aligncenter\"><img loading=\"lazy\" decoding=\"async\" class=\"wp-image-22009 size-large\" src=\"http:\/\/projetocineb.com.br\/wp-content\/uploads\/2024\/05\/CineB-Autorama-1024x683.jpeg\" alt=\"\" width=\"840\" height=\"560\" srcset=\"https:\/\/projetocineb.com.br\/wp-content\/uploads\/2024\/05\/CineB-Autorama-1024x683.jpeg 1024w, https:\/\/projetocineb.com.br\/wp-content\/uploads\/2024\/05\/CineB-Autorama-300x200.jpeg 300w, https:\/\/projetocineb.com.br\/wp-content\/uploads\/2024\/05\/CineB-Autorama-768x512.jpeg 768w, https:\/\/projetocineb.com.br\/wp-content\/uploads\/2024\/05\/CineB-Autorama-1536x1024.jpeg 1536w, https:\/\/projetocineb.com.br\/wp-content\/uploads\/2024\/05\/CineB-Autorama-2048x1365.jpeg 2048w, https:\/\/projetocineb.com.br\/wp-content\/uploads\/2024\/05\/CineB-Autorama-840x560.jpeg 840w, https:\/\/projetocineb.com.br\/wp-content\/uploads\/2024\/05\/CineB-Autorama-120x80.jpeg 120w, https:\/\/projetocineb.com.br\/wp-content\/uploads\/2024\/05\/CineB-Autorama-360x240.jpeg 360w, https:\/\/projetocineb.com.br\/wp-content\/uploads\/2024\/05\/CineB-Autorama-600x400.jpeg 600w\" sizes=\"(max-width: 840px) 100vw, 840px\" \/><figcaption id=\"caption-attachment-22009\" class=\"wp-caption-text\">CineB Autorama<\/figcaption><\/figure>\n<p>\u00a0<\/p>\n<figure id=\"attachment_22010\" aria-describedby=\"caption-attachment-22010\" style=\"width: 1024px\" class=\"wp-caption aligncenter\"><img loading=\"lazy\" decoding=\"async\" class=\"wp-image-22010 size-full\" src=\"http:\/\/projetocineb.com.br\/wp-content\/uploads\/2024\/05\/CineB-ON-LINE.jpeg\" alt=\"\" width=\"1024\" height=\"576\" srcset=\"https:\/\/projetocineb.com.br\/wp-content\/uploads\/2024\/05\/CineB-ON-LINE.jpeg 1024w, https:\/\/projetocineb.com.br\/wp-content\/uploads\/2024\/05\/CineB-ON-LINE-300x169.jpeg 300w, https:\/\/projetocineb.com.br\/wp-content\/uploads\/2024\/05\/CineB-ON-LINE-768x432.jpeg 768w\" sizes=\"(max-width: 1024px) 100vw, 1024px\" \/><figcaption id=\"caption-attachment-22010\" class=\"wp-caption-text\">CineB ON LINE<\/figcaption><\/figure>\n<h2>\u00a0<strong>SELO CINEB DO CINEMA BRASILEIRO<\/strong><\/h2>\n<p><a href=\"http:\/\/projetocineb.com.br\/wp-content\/uploads\/2012\/05\/08.png\"><img loading=\"lazy\" decoding=\"async\" class=\"aligncenter size-full wp-image-6016\" title=\"08\" src=\"http:\/\/projetocineb.com.br\/wp-content\/uploads\/2012\/05\/08.png\" alt=\"\" width=\"473\" height=\"593\" \/><\/a><\/p>\n<p>Al\u00e9m das exibi\u00e7\u00f5es de longas-metragens, tamb\u00e9m exibimos curtas-metragens em todas as sess\u00f5es. Como o curta \u00e9 dif\u00edcil de encontras e as pessoas manifestavam interesse de ter uma c\u00f3pia, o projeto criou o SELO CINEB DO CINEMA BRASILEIRO, uma colet\u00e2nea anual com os curtas preferidos do p\u00fablico. Cada t\u00edtulo de DVD \u00e9 oferecido mediante contribui\u00e7\u00e3o volunt\u00e1ria e a sua renda \u00e9 revertida para os diretores dos filmes e tamb\u00e9m para as comunidades. J\u00e1 s\u00e3o 4 DVDs \u00a0com 4 ou 5 curtas cada um, que agrada toda a fam\u00edlia. Veja <a href=\"http:\/\/projetocineb.com.br\/?p=4705\">AQUI<\/a>\u00a0os filmes participantes!<\/p>\n<h2>\u00a0<strong>PR\u00caMIO CINEB DO CINEMA BRASILEIRO<\/strong><\/h2>\n<p style=\"text-align: justify;\">O Pr\u00eamio CINEB SOLAR do Cinema Brasileiro \u00e9 um evento que, desde 2009, presta uma homenagem aos filmes que foram exibidos e tamb\u00e9m as comunidades que receberam e apoiaram o projeto. Diretores, atores, produtores e lideran\u00e7as comunit\u00e1rias participam de uma festa de premia\u00e7\u00e3o, em que todos recebem o trof\u00e9u CINEB do Cinema Brasileiro e confraternizam juntos. A cerim\u00f4nia de premia\u00e7\u00e3o \u00e9 sempre conduzida por uma personalidade importante e com liga\u00e7\u00e3o ao audiovisual brasileiro e ao projeto.<\/p>\n<figure id=\"attachment_10640\" aria-describedby=\"caption-attachment-10640\" style=\"width: 886px\" class=\"wp-caption alignnone\"><a href=\"http:\/\/projetocineb.com.br\/wp-content\/uploads\/2012\/05\/montagem_artistas_premio.jpg\"><img loading=\"lazy\" decoding=\"async\" class=\"size-full wp-image-10640\" src=\"http:\/\/projetocineb.com.br\/wp-content\/uploads\/2012\/05\/montagem_artistas_premio.jpg\" alt=\"\" width=\"886\" height=\"1181\" \/><\/a><figcaption id=\"caption-attachment-10640\" class=\"wp-caption-text\">Em 2019 a cerim\u00f4nia foi apresentada pela atriz Guta Strasser, em 2016pelo ator Ailton Gra\u00e7a, nos anos anteriores, contamos com a participa\u00e7\u00e3o em 2015 do ator Caio Blat, em 2014 foi feita pelo cantor e humorista Falc\u00e3o, em 2013 pela cantora e atriz Negra Li, em 2012 pelas atrizes Luc\u00e9lia Santos e Gorete Milagres, em 2011 \u00a0pelo ator Caco Ciocler e pelo rapper Tha\u00edde em 2010.<\/figcaption><\/figure>\n<h2><strong>EQUIPE DO CINEB<\/strong><\/h2>\n<p style=\"text-align: justify;\"><span style=\"color: #0000ff;\"><strong><a href=\"http:\/\/projetocineb.com.br\/wp-content\/uploads\/2012\/05\/IMG_9009.jpg\"><img loading=\"lazy\" decoding=\"async\" class=\"wp-image-8207 alignleft\" title=\"IMG_9009\" src=\"http:\/\/projetocineb.com.br\/wp-content\/uploads\/2012\/05\/IMG_9009.jpg\" alt=\"\" width=\"233\" height=\"158\" \/><\/a><\/strong><\/span><\/p>\n<p style=\"text-align: justify;\"><span style=\"color: #0000ff;\"><strong><a href=\"https:\/\/www.instagram.com\/cidalio13\/\">Cid\u00e1lio Vieira Santos (coordenador do CINEB)<\/a> &#8211;\u00a0<\/strong><\/span>Formado em Administra\u00e7\u00e3o de Recursos Humanos, foi \u00a0coordenador de projetos socioculturais nas cidades de S\u00e3o Paulo e Santos. Desde 2006 \u00e9 integrante da equipe de projetos da Brazucah Produ\u00e7\u00f5es. Atualmente, al\u00e9m do Cine B, coordena as iniciativas do Cinesolar, o primeiro cinema m\u00f3vel solar do Brasil, e Cine Comunidade, um circuito itinerante de filmes brasileiros que percorre, sobretudo, periferias da capital, regi\u00e3o metropolitana e interior de S\u00e3o Paulo.<\/p>\n<p style=\"text-align: justify;\">\u00a0<a href=\"http:\/\/projetocineb.com.br\/wp-content\/uploads\/2012\/05\/IMG_7516.jpg\"><img loading=\"lazy\" decoding=\"async\" class=\"alignleft wp-image-6020\" title=\"IMG_7516\" src=\"http:\/\/projetocineb.com.br\/wp-content\/uploads\/2012\/05\/IMG_7516.jpg\" alt=\"\" width=\"230\" height=\"154\" \/><\/a><span style=\"color: #0000ff;\"><strong>Cynthia Alario (s\u00f3cia-fundadora da Brazucah) &#8211; <\/strong><\/span>Formada em comunica\u00e7\u00e3o social pela USP, especializou-se em Filmand Television Business na FGV-SP e em Educomunica\u00e7\u00e3o na USP. O seu TCC de curso desenvolveu o mapa da exclus\u00e3o cinematogr\u00e1fica paulista e ministrou in\u00fameros <em>workshops<\/em> em universidades brasileiros e latino-americanas.<\/p>\n<p style=\"text-align: justify;\"><span style=\"color: #0000ff;\"><strong>Marco Costa (coord. do CINE B nas Universidades)<\/strong><\/span>\u00a0&#8211; S\u00f3cio da Brazucah, formado em Publicidade pela USP, especializou-se em planejamento pela ESPM e foi planner digital na ag\u00eancia Clicklsobar.<\/p>\n<p>\u00a0<\/p>\n<p><a href=\"http:\/\/projetocineb.com.br\/?attachment_id=13010\" rel=\"attachment wp-att-13010\"><img loading=\"lazy\" decoding=\"async\" class=\" wp-image-13010 alignleft\" src=\"http:\/\/projetocineb.com.br\/wp-content\/uploads\/2012\/05\/WhatsApp-Image-2021-06-17-at-14.17.37.jpeg\" alt=\"\" width=\"89\" height=\"119\" \/><\/a><\/p>\n<p style=\"text-align: justify;\"><strong><span style=\"color: #0000ff;\"><a href=\"https:\/\/www.instagram.com\/eduardovboldt\/\">Eduardo Vin\u00e9 Boldt (jornalista do CineB)<\/a> &#8211; <\/span><\/strong>Jornalista, fot\u00f3grafo e videomaker, \u00e9 formado em R\u00e1dio e TV, possui especializa\u00e7\u00e3o em cinema e mestrado profissional em jornalismo. Foi professor universit\u00e1rio em cursos de Comunica\u00e7\u00e3o Social. \u00c9 diretor no Sindicato dos Jornalistas Profissionais no Estado de S\u00e3o Paulo.<\/p>\n<p>\u00a0<\/p>\n<p style=\"text-align: justify;\"><strong><img loading=\"lazy\" decoding=\"async\" class=\" wp-image-25123 alignleft\" src=\"http:\/\/projetocineb.com.br\/wp-content\/uploads\/2024\/11\/thais-nozue-150x150.jpg\" alt=\"Thaiz Nozue\" width=\"99\" height=\"99\" \/><a href=\"https:\/\/www.instagram.com\/thaisnozue.fotografia\/\">Tha\u00eds Nozue (jornalista do CineB)<\/a><\/strong> &#8211; Fotojornalista, redatora e pedagoga. Atua h\u00e1 mais de 10 anos com fotografia documental e social, \u00e9 professora dos ensinos fundamental e m\u00e9dio, arte educadora e redatora digital.<\/p>\n\n\n<p class=\"has-text-align-left has-black-color has-text-color\"><\/p>\n","protected":false},"excerpt":{"rendered":"<p>O CINEB \u00e9 um circuito itinerante de cinema realizado pelo Sindicato dos Banc\u00e1rios de S\u00e3o Paulo, Osasco e Regi\u00e3o e[&#8230;]<\/p>\n","protected":false},"author":2,"featured_media":0,"parent":0,"menu_order":0,"comment_status":"open","ping_status":"open","template":"","meta":[],"_links":{"self":[{"href":"https:\/\/projetocineb.com.br\/index.php?rest_route=\/wp\/v2\/pages\/462"}],"collection":[{"href":"https:\/\/projetocineb.com.br\/index.php?rest_route=\/wp\/v2\/pages"}],"about":[{"href":"https:\/\/projetocineb.com.br\/index.php?rest_route=\/wp\/v2\/types\/page"}],"author":[{"embeddable":true,"href":"https:\/\/projetocineb.com.br\/index.php?rest_route=\/wp\/v2\/users\/2"}],"replies":[{"embeddable":true,"href":"https:\/\/projetocineb.com.br\/index.php?rest_route=%2Fwp%2Fv2%2Fcomments&post=462"}],"version-history":[{"count":7,"href":"https:\/\/projetocineb.com.br\/index.php?rest_route=\/wp\/v2\/pages\/462\/revisions"}],"predecessor-version":[{"id":27157,"href":"https:\/\/projetocineb.com.br\/index.php?rest_route=\/wp\/v2\/pages\/462\/revisions\/27157"}],"wp:attachment":[{"href":"https:\/\/projetocineb.com.br\/index.php?rest_route=%2Fwp%2Fv2%2Fmedia&parent=462"}],"curies":[{"name":"wp","href":"https:\/\/api.w.org\/{rel}","templated":true}]}}