{"id":464,"date":"2012-12-14T11:24:07","date_gmt":"2012-12-14T13:24:07","guid":{"rendered":"http:\/\/projetocineb.com.br\/?page_id=464"},"modified":"2026-08-31T16:57:21","modified_gmt":"2026-08-31T19:57:21","slug":"programacao","status":"publish","type":"page","link":"https:\/\/projetocineb.com.br\/?page_id=464","title":{"rendered":"Programa\u00e7\u00e3o"},"content":{"rendered":"\n<h1>SESS\u00d5ES EXIBIDAS EM 2026<\/h1>\n\n\n\n<hr class=\"wp-block-separator has-alpha-channel-opacity\"\/>\n\n\n\n<h2>CINEMA BRASILEIRO NA VILA SANTO ESTEFANO<\/h2>\n\n\n\n<p><strong>DATA:<\/strong>&nbsp;29 de agosto \u2013 s\u00e1bado \u2013 19h<br><strong>LOCAL:<\/strong>&nbsp;ONG Novos Herdeiros Human\u00edsticos<br><strong>ENDERE\u00c7O:<\/strong>&nbsp;Rua Mario Grazzini, 100<br><strong>RETIRADA DE CONVITES:<\/strong>&nbsp;Na pr\u00f3pria ONG<\/p>\n\n\n\n<hr class=\"wp-block-separator has-alpha-channel-opacity\"\/>\n\n\n\n<h2>CINEMA BRASILEIRO NO CAP\u00c3O REDONDO<\/h2>\n\n\n\n<p><strong>DATA:<\/strong>&nbsp;27 de agosto \u2013 quinta-feira \u2013 19h<br><strong>LOCAL:<\/strong>&nbsp;E.E. Professor Leopoldo Santana<br><strong>ENDERE\u00c7O:<\/strong>&nbsp;Rua Manuel Duarte de Oliveira, 151<br><strong>RETIRADA DE CONVITES:<\/strong>&nbsp;Na secretaria da escola<\/p>\n\n\n\n<hr class=\"wp-block-separator has-alpha-channel-opacity\"\/>\n\n\n\n<h2>CINEMA BRASILEIRO NA LIBERDADE<\/h2>\n\n\n\n<p><strong>DATA:<\/strong>&nbsp;26 de agosto \u2013 quarta-feira \u2013 19h<br><strong>LOCAL:<\/strong>&nbsp;EMEF Duque de Caxias<br><strong>ENDERE\u00c7O:<\/strong>&nbsp;Pra\u00e7a Dr. M\u00e1rio Margarido \u2013 Liberdade<br><strong>RETIRADA DE CONVITES:<\/strong>&nbsp;Na secretaria da escola<\/p>\n\n\n\n<hr class=\"wp-block-separator has-alpha-channel-opacity\"\/>\n\n\n\n<h2>CINEMA BRASILEIRO NO SINDICATO DOS BANC\u00c1RIOS DE S\u00c3O PAULO \u2014 SESS\u00c3O ESPECIAL<\/h2>\n\n\n\n<p><strong>DATA:<\/strong>&nbsp;25 de agosto \u2013 ter\u00e7a-feira \u2013 10h<br><strong>LOCAL:<\/strong>&nbsp;Audit\u00f3rio Amarelo<br><strong>ENDERE\u00c7O:<\/strong>&nbsp;Rua S\u00e3o Bento, 413 \u2013 Centro \u2013 S\u00e3o Paulo<br><strong>RESERVA:<\/strong>&nbsp;<a href=\"mailto:producao@projetocineb.com.br\">producao@projetocineb.com.br<\/a><\/p>\n\n\n\n<hr class=\"wp-block-separator has-alpha-channel-opacity\"\/>\n\n\n\n<h2>CINEMA BRASILEIRO NO SINDICATO DOS BANC\u00c1RIOS DE SP \u2014 SESS\u00c3O ESPECIAL<\/h2>\n\n\n\n<p><strong>PARCERIA:<\/strong>&nbsp;ABAESP \u2013 Associa\u00e7\u00e3o dos Banc\u00e1rios<\/p>\n\n\n\n<p><strong>DATA:<\/strong>&nbsp;30 de julho \u2013 quinta-feira \u2013 14h<br><strong>LOCAL:<\/strong>&nbsp;Audit\u00f3rio Amarelo<br><strong>ENDERE\u00c7O:<\/strong>&nbsp;Rua S\u00e3o Bento, 413 \u2013 Centro \u2013 S\u00e3o Paulo<br><strong>RESERVA:<\/strong>&nbsp;<a href=\"mailto:producao@projetocineb.com.br\">producao@projetocineb.com.br<\/a><\/p>\n\n\n\n<hr class=\"wp-block-separator has-alpha-channel-opacity\"\/>\n\n\n\n<h2>CINEMA BRASILEIRO NA REGIONAL OSASCO \u2014 SINDICATO DOS BANC\u00c1RIOS DE SP<\/h2>\n\n\n\n<p><strong>DATA:<\/strong>&nbsp;29 de julho \u2013 quarta-feira \u2013 19h<br><strong>LOCAL:<\/strong>&nbsp;Audit\u00f3rio da Regional Osasco<br><strong>ENDERE\u00c7O:<\/strong>&nbsp;Rua Presidente Castelo Branco, 150 \u2013 Centro \u2013 Osasco<br><strong>RESERVA:<\/strong>&nbsp;<a href=\"mailto:producao@projetocineb.com.br\">producao@projetocineb.com.br<\/a><\/p>\n\n\n\n<hr class=\"wp-block-separator has-alpha-channel-opacity\"\/>\n\n\n\n<h2>CINEMA BRASILEIRO NO SINDICATO DOS BANC\u00c1RIOS DE SP \u2014 SESS\u00c3O ESPECIAL<\/h2>\n\n\n\n<p><strong>DATA:<\/strong>&nbsp;24 de julho \u2013 sexta-feira \u2013 das 14h \u00e0s 16h<br><strong>LOCAL:<\/strong>&nbsp;Audit\u00f3rio Amarelo<br><strong>ENDERE\u00c7O:<\/strong>&nbsp;Rua S\u00e3o Bento, 413 \u2013 Centro \u2013 S\u00e3o Paulo<br><strong>RESERVA:<\/strong>&nbsp;<a href=\"mailto:producao@projetocineb.com.br\">producao@projetocineb.com.br<\/a><\/p>\n\n\n\n<hr class=\"wp-block-separator has-alpha-channel-opacity\"\/>\n\n\n\n<h2>CINEMA BRASILEIRO NO SINDICATO DOS BANC\u00c1RIOS DE S\u00c3O PAULO \u2014 SESS\u00c3O ESPECIAL<\/h2>\n\n\n\n<p><strong>DATA:<\/strong>&nbsp;23 de julho \u2013 quinta-feira \u2013 19h<br><strong>LOCAL:<\/strong>&nbsp;Audit\u00f3rio Amarelo<br><strong>ENDERE\u00c7O:<\/strong>&nbsp;Rua S\u00e3o Bento, 413 \u2013 Centro \u2013 S\u00e3o Paulo<br><strong>RESERVA:<\/strong>&nbsp;<a href=\"mailto:producao@projetocineb.com.br\">producao@projetocineb.com.br<\/a><\/p>\n\n\n\n<hr class=\"wp-block-separator has-alpha-channel-opacity\"\/>\n\n\n\n<h2>CINEMA BRASILEIRO NO SINDICATO DOS BANC\u00c1RIOS DE SP \u2014 SESS\u00c3O ESPECIAL<\/h2>\n\n\n\n<p><strong>DATA:<\/strong>&nbsp;25 de junho \u2013 quinta-feira \u2013 19h<br><strong>LOCAL:<\/strong>&nbsp;Audit\u00f3rio Amarelo<br><strong>ENDERE\u00c7O:<\/strong>&nbsp;Rua S\u00e3o Bento, 413 \u2013 Centro \u2013 S\u00e3o Paulo<br><strong>RESERVA:<\/strong>&nbsp;<a href=\"mailto:producao@projetocineb.com.br\">producao@projetocineb.com.br<\/a><\/p>\n\n\n\n<hr class=\"wp-block-separator has-alpha-channel-opacity\"\/>\n\n\n\n<h2>CINEMA BRASILEIRO NA FAM \u2014 UNIVERSIDADE DAS AM\u00c9RICAS<\/h2>\n\n\n\n<p><strong>DATA:<\/strong>&nbsp;18 de junho \u2013 quinta-feira \u2013 19h<br><strong>LOCAL:<\/strong>&nbsp;Caixa Preta \u2013 Unidade Mooca<br><strong>ENDERE\u00c7O:<\/strong>&nbsp;Rua Borges Figueiredo, 510<br><strong>ENTRADA:<\/strong>&nbsp;Gratuita<\/p>\n\n\n\n<hr class=\"wp-block-separator has-alpha-channel-opacity\"\/>\n\n\n\n<h2>CINEMA BRASILEIRO NO SINDICATO DOS BANC\u00c1RIOS<\/h2>\n\n\n\n<p><strong>DATA:<\/strong>&nbsp;27 de maio \u2013 quarta-feira \u2013 18h30<br><strong>LOCAL:<\/strong>&nbsp;Audit\u00f3rio Amarelo<br><strong>ENDERE\u00c7O:<\/strong>&nbsp;Rua S\u00e3o Bento, 413 \u2013 Centro \u2013 S\u00e3o Paulo \u2013 SP<br><strong>RESERVA DE CONVITES:<\/strong>&nbsp;<a href=\"mailto:producao@projetocineb.com.br\">producao@projetocineb.com.br<\/a><br><strong>PARTICIPA\u00c7\u00c3O ESPECIAL:<\/strong>&nbsp;Presen\u00e7a da diretora e roteirista Val Gomes<\/p>\n\n\n\n<hr class=\"wp-block-separator has-alpha-channel-opacity\"\/>\n\n\n\n<h2>CINEMA BRASILEIRO NO JARDIM APUAN\u00c3<\/h2>\n\n\n\n<p><strong>DATA:<\/strong>&nbsp;24 de maio \u2013 domingo \u2013 19h<br><strong>LOCAL:<\/strong>&nbsp;Projeto Guigo Jr. \u2013 sess\u00e3o ao ar livre<br><strong>ENDERE\u00c7O:<\/strong>&nbsp;Rua Dois, Viela \u00d3<br><strong>RETIRADA DE CONVITES:<\/strong>&nbsp;Falar com Rodrigo<\/p>\n\n\n\n<hr class=\"wp-block-separator has-alpha-channel-opacity\"\/>\n\n\n\n<h2>CINEMA BRASILEIRO NA CH\u00c1CARA FL\u00d3RIDA<\/h2>\n\n\n\n<p><strong>DATA:<\/strong>&nbsp;16 de maio \u2013 s\u00e1bado \u2013 19h<br><strong>LOCAL:<\/strong>&nbsp;Arco Associa\u00e7\u00e3o Beneficente<br><strong>ENDERE\u00c7O:<\/strong>&nbsp;Rua Lic\u00ednio Felini, 97 \u2013 Ch\u00e1cara Fl\u00f3rida<br><strong>RETIRADA DE CONVITES:<\/strong>&nbsp;No escrit\u00f3rio do CCA<\/p>\n\n\n\n<hr class=\"wp-block-separator has-alpha-channel-opacity\"\/>\n\n\n\n<h2>CINEMA BRASILEIRO NO JARDIM MARISTELA<\/h2>\n\n\n\n<p><strong>DATA:<\/strong>&nbsp;15 de maio \u2013 sexta-feira \u2013 19h<br><strong>LOCAL:<\/strong>&nbsp;Quadra do Instituto Integra\u00e7\u00e3o Jovem Santa Terezinha<br><strong>ENDERE\u00c7O:<\/strong>&nbsp;Campo do Leblon, 02 \u2013 Jardim Maristela<br><strong>RETIRADA DE CONVITES:<\/strong>&nbsp;Alex \/ Jacy \/ Keli<br><strong>EM CASO DE CHUVA:<\/strong>&nbsp;A sess\u00e3o ser\u00e1 transferida para a sala do Instituto Integra\u00e7\u00e3o Jovem<\/p>\n\n\n\n<hr class=\"wp-block-separator has-alpha-channel-opacity\"\/>\n\n\n\n<h2>CINEMA BRASILEIRO EM HELI\u00d3POLIS<\/h2>\n\n\n\n<p><strong>DATA:<\/strong>&nbsp;30 de abril \u2013 quinta-feira \u2013 19h<br><strong>LOCAL:<\/strong>&nbsp;Quadra do CCA Lagoa<br><strong>ENDERE\u00c7O:<\/strong>&nbsp;Rua Artistas de Heli\u00f3polis, 248<br><strong>RETIRADA DE CONVITES:<\/strong>&nbsp;Com Inae<\/p>\n\n\n\n<hr class=\"wp-block-separator has-alpha-channel-opacity\"\/>\n\n\n\n<h2>CINEMA BRASILEIRO NA BRASIL\u00c2NDIA<\/h2>\n\n\n\n<p><strong>DATA:<\/strong>&nbsp;29 de abril \u2013 quarta-feira \u2013 19h<br><strong>LOCAL:<\/strong>&nbsp;CIEJA Professora Rose Mary Frasson<br><strong>ENDERE\u00c7O:<\/strong>&nbsp;Rua Jitauna, 30<br><strong>RETIRADA DE CONVITES:<\/strong>&nbsp;Com a coordenadora Soraia<\/p>\n\n\n\n<hr class=\"wp-block-separator has-alpha-channel-opacity\"\/>\n\n\n\n<h2>CINEMA BRASILEIRO NO JARAGU\u00c1<\/h2>\n\n\n\n<p><strong>DATA:<\/strong>&nbsp;21 de mar\u00e7o \u2013 s\u00e1bado \u2013 19h<br><strong>LOCAL:<\/strong>&nbsp;Instituto Ikigai<br><strong>ENDERE\u00c7O:<\/strong>&nbsp;Rua Dona Gertrudes Jord\u00e3o, 328 \u2013 Jaragu\u00e1<br><strong>RETIRADA DE CONVITES:<\/strong>&nbsp;Falar com Anne<\/p>\n\n\n\n<hr class=\"wp-block-separator has-alpha-channel-opacity\"\/>\n\n\n\n<h2>CINEMA BRASILEIRO EM SAPOPEMBA<\/h2>\n\n\n\n<p><strong>DATA:<\/strong>&nbsp;20 de mar\u00e7o \u2013 sexta-feira \u2013 19h<br><strong>LOCAL:<\/strong>&nbsp;Coletivo Maria da Cruz<br><strong>ENDERE\u00c7O:<\/strong>&nbsp;Rua Flor da Madrugada, 376<br><strong>RETIRADA DE CONVITES:<\/strong>&nbsp;Falar com Caique<\/p>\n\n\n\n<hr class=\"wp-block-separator has-alpha-channel-opacity\"\/>\n\n\n\n<h2>CINEMA BRASILEIRO NA CH\u00c1CARA BELA VISTA \u2014 PARQUE NOVO MUNDO<\/h2>\n\n\n\n<p><strong>DATA:<\/strong>&nbsp;19 de mar\u00e7o \u2013 quinta-feira \u2013 19h<br><strong>LOCAL:<\/strong>&nbsp;Quadra \u2013 Rua Giuseppe Marino, 180<br><strong>ENDERE\u00c7O:<\/strong>&nbsp;Rua Giuseppe Marino, 180 \u2013 Parque Novo Mundo<br><strong>RETIRADA DE CONVITES:<\/strong>&nbsp;Falar com Maeli, Sirlene e Regiane<\/p>\n\n\n\n<hr class=\"wp-block-separator has-alpha-channel-opacity\"\/>\n\n\n\n<h2>CINEMA BRASILEIRO NO MTST<\/h2>\n\n\n\n<p><strong>DATA:<\/strong>&nbsp;14 de mar\u00e7o \u2013 s\u00e1bado \u2013 19h<br><strong>LOCAL:<\/strong>&nbsp;Ocupa\u00e7\u00e3o L\u00e9lia Gonzalez \u2013 ao ar livre<br><strong>ENDERE\u00c7O:<\/strong>&nbsp;Alameda Roger Adam, 8 \u2013 Santo Andr\u00e9 \u2013 SP<br><strong>RETIRADA DE CONVITES:<\/strong>&nbsp;Falar com B\u00e1rbara da L\u00e9lia<\/p>\n\n\n\n<hr class=\"wp-block-separator has-alpha-channel-opacity\"\/>\n\n\n\n<h2>CINEMA BRASILEIRO NO SINDICATO DOS BANC\u00c1RIOS<\/h2>\n\n\n\n<p><strong>DATA:<\/strong>&nbsp;13 de mar\u00e7o \u2013 sexta-feira \u2013 18h30<br><strong>LOCAL:<\/strong>&nbsp;Audit\u00f3rios Amarelo e Azul<br><strong>ENDERE\u00c7O:<\/strong>&nbsp;Rua S\u00e3o Bento, 413 \u2013 Centro \u2013 S\u00e3o Paulo \u2013 SP<br><strong>RESERVA DE CONVITES:<\/strong>&nbsp;<a href=\"mailto:producao@projetocineb.com.br\">producao@projetocineb.com.br<\/a><\/p>\n\n\n\n<hr class=\"wp-block-separator has-alpha-channel-opacity\"\/>\n\n\n\n<h2>CINEMA BRASILEIRO NO CANGA\u00cdBA<\/h2>\n\n\n\n<p><strong>DATA:<\/strong>&nbsp;21 de fevereiro \u2013 s\u00e1bado \u2013 19h<br><strong>LOCAL:<\/strong>&nbsp;Associa\u00e7\u00e3o Santo Henrique<br><strong>ENDERE\u00c7O:<\/strong>&nbsp;Rua S\u00e9rgio da Silva Nobreza, 661 \u2013 Casa 220 \u2013 Vila Santo Henrique<br><strong>RETIRADA DE CONVITES:<\/strong>&nbsp;No local \u2013 De Gomes: (11) 98342-6340<\/p>\n\n\n\n<hr class=\"wp-block-separator has-alpha-channel-opacity\"\/>\n\n\n\n<h2>CINEMA BRASILEIRO NA VILA JACU\u00cd<\/h2>\n\n\n\n<p><strong>DATA:<\/strong>&nbsp;20 de fevereiro \u2013 sexta-feira \u2013 19h<br><strong>LOCAL:<\/strong>&nbsp;Instituto Jo\u00e3o Cordeiro<br><strong>ENDERE\u00c7O:<\/strong>&nbsp;Rua Flor da Ressurrei\u00e7\u00e3o, 390<br><strong>RETIRADA DE CONVITES:<\/strong>&nbsp;Pedro Ronney \u2013 (11) 98032-6799<\/p>\n\n\n\n<hr class=\"wp-block-separator has-alpha-channel-opacity\"\/>\n\n\n\n<h2>CINEMA BRASILEIRO NO JARDIM PERI<\/h2>\n\n\n\n<p><strong>DATA:<\/strong>&nbsp;19 de fevereiro \u2013 quinta-feira \u2013 19h<br><strong>LOCAL:<\/strong>&nbsp;Par\u00f3quia Nossa Senhora da Penha<br><strong>ENDERE\u00c7O:<\/strong>&nbsp;Pra\u00e7a D. Helv\u00e9cio Gomes de Oliveira, n\u00ba 2 \u2013 Jardim Peri<br><strong>RETIRADA DE CONVITES:<\/strong>&nbsp;Falar com Prof. Gra\u00e7a ou Cida<\/p>\n\n\n\n<hr class=\"wp-block-separator has-alpha-channel-opacity\"\/>\n\n\n\n<h2>CINEMA BRASILEIRO EM PIRITUBA<\/h2>\n\n\n\n<p><strong>DATA:<\/strong>&nbsp;30 de janeiro \u2013 sexta-feira \u2013 19h<br><strong>LOCAL:<\/strong>&nbsp;Associa\u00e7\u00e3o Uni\u00e3o da Vila<br><strong>ENDERE\u00c7O:<\/strong>&nbsp;Rua Herbert Arruda Pereira, 591 \u2013 Jardim Cidade Pirituba<br><strong>RETIRADA DE CONVITES:<\/strong>&nbsp;Falar com Rose ou Toninha<\/p>\n\n\n\n<h1>SESS\u00d5ES EXIBIDAS EM 2025<\/h1>\n\n\n\n<hr class=\"wp-block-separator has-alpha-channel-opacity\"\/>\n\n\n\n<h2>CINEMA BRASILEIRO NA CH\u00c1CARA FL\u00d3RIDA<\/h2>\n\n\n\n<p><strong>DIA:<\/strong>&nbsp;20 de dezembro \u2013 s\u00e1bado \u2013 19h<br><strong>LOCAL:<\/strong>&nbsp;Arco Associa\u00e7\u00e3o Beneficente<br><strong>ENDERE\u00c7O:<\/strong>&nbsp;Rua Lic\u00ednio Felini, 97 \u2013 Ch\u00e1cara Fl\u00f3rida<br><strong>RETIRADA DE CONVITES:<\/strong>&nbsp;No escrit\u00f3rio do CCA<\/p>\n\n\n\n<hr class=\"wp-block-separator has-alpha-channel-opacity\"\/>\n\n\n\n<h2>CINEMA BRASILEIRO NO JARDIM PEDRA BRANCA \u2014 CIDADE TIRADENTES<\/h2>\n\n\n\n<p><strong>DIA:<\/strong>&nbsp;19 de dezembro \u2013 sexta-feira \u2013 19h<br><strong>LOCAL:<\/strong>&nbsp;EMEF Prof. Clotilde Rosa El\u00edas<br><strong>ENDERE\u00c7O:<\/strong>&nbsp;Rua Arroio Campo Bom, 225 \u2013 Jardim Pedra Branca \u2013 Cidade Tiradentes<br><strong>RETIRADA DE CONVITES:<\/strong>&nbsp;Com Vania<\/p>\n\n\n\n<hr class=\"wp-block-separator has-alpha-channel-opacity\"\/>\n\n\n\n<h2>CINEMA BRASILEIRO NA EXPOCATADORES<\/h2>\n\n\n\n<p><strong>DATA:<\/strong>&nbsp;17 de dezembro \u2013 quarta-feira<br><strong>LOCAL:<\/strong>&nbsp;Anhembi<br><strong>ENDERE\u00c7O:<\/strong>&nbsp;Avenida Olavo Fontoura, 1209 \u2013 Santana<br><strong>10h:<\/strong>&nbsp;Exibi\u00e7\u00e3o do filme&nbsp;<em>O Homem do Saco<\/em><br><strong>14h:<\/strong>&nbsp;Exibi\u00e7\u00e3o do filme&nbsp;<em>A Melhor M\u00e3e do Mundo<\/em><br><strong>RETIRADA DE CONVITES:<\/strong>&nbsp;Na entrada \u2013 gratuito<\/p>\n\n\n\n<hr class=\"wp-block-separator has-alpha-channel-opacity\"\/>\n\n\n\n<h2>CINEMA BRASILEIRO EM PIRITUBA \u2014 AO AR LIVRE<\/h2>\n\n\n\n<p><strong>DATA:<\/strong>&nbsp;30 de novembro \u2013 domingo \u2013 19h<br><strong>LOCAL:<\/strong>&nbsp;Ao ar livre, no estacionamento MRV Cidade Sete S\u00f3is<br><strong>ENDERE\u00c7O:<\/strong>&nbsp;Av. Raimundo Pereira de Magalh\u00e3es, 7395 \u2013 Pirituba<br><strong>RETIRADA DE CONVITES:<\/strong>&nbsp;Recep\u00e7\u00e3o MRV<br><strong>INFORMA\u00c7\u00d5ES:<\/strong>&nbsp;(11) 94758-2286 \u2013 Tatiane<br><strong>EM CASO DE CHUVA:<\/strong>&nbsp;A sess\u00e3o ser\u00e1 realizada no sal\u00e3o de eventos do pr\u00f3prio local.<\/p>\n\n\n\n<hr class=\"wp-block-separator has-alpha-channel-opacity\"\/>\n\n\n\n<h2>CINEMA BRASILEIRO NO JARDIM SOMARA<\/h2>\n\n\n\n<p><strong>DATA:<\/strong>&nbsp;28 de novembro \u2013 sexta-feira \u2013 19h<br><strong>LOCAL:<\/strong>&nbsp;CEI Vov\u00f3 Aida Ramos Ferreira<br><strong>ENDERE\u00c7O:<\/strong>&nbsp;Rua Tenente Joecyl Camargo da Mota, 55 \u2013 Jardim Somara<br><strong>RETIRADA DE CONVITES:<\/strong>&nbsp;Na secretaria, com Edmilson \u2013 das 7h \u00e0s 16h<\/p>\n\n\n\n<hr class=\"wp-block-separator has-alpha-channel-opacity\"\/>\n\n\n\n<h2>CINEMA BRASILEIRO NO SINDICATO DOS BANC\u00c1RIOS DE S\u00c3O PAULO<\/h2>\n\n\n\n<p><strong>DATA:<\/strong>&nbsp;27 de novembro \u2013 quinta-feira \u2013 18h30<br><strong>LOCAL:<\/strong>&nbsp;Audit\u00f3rio Amarelo<br><strong>ENDERE\u00c7O:<\/strong>&nbsp;Rua S\u00e3o Bento, 413 \u2013 Centro \u2013 S\u00e3o Paulo<br><strong>RESERVA DE CONVITES:<\/strong>&nbsp;pelo e-mail&nbsp;<a href=\"mailto:producao@projetocineb.com.br\">producao@projetocineb.com.br<\/a><\/p>\n\n\n\n<hr class=\"wp-block-separator has-alpha-channel-opacity\"\/>\n\n\n\n<h2>CINEMA BRASILEIRO NA VILA RICA<\/h2>\n\n\n\n<p><strong>DATA:<\/strong>&nbsp;31 de outubro \u2013 sexta-feira \u2013 19h<br><strong>LOCAL:<\/strong>&nbsp;Sociedade Amigos da Vila Rica<br><strong>ENDERE\u00c7O:<\/strong>&nbsp;Rua Jo\u00e3o Batista Lima, 47<br><strong>RETIRADA DE CONVITES:<\/strong>&nbsp;Com Bia Moreno ou Alice<\/p>\n\n\n\n<hr class=\"wp-block-separator has-alpha-channel-opacity\"\/>\n\n\n\n<h2>CINEMA BRASILEIRO NA QUADRA DO SINDICATO DOS BANC\u00c1RIOS DE SP<\/h2>\n\n\n\n<p><strong>DATA:<\/strong>&nbsp;30 de outubro \u2013 quinta-feira \u2013 19h<br><strong>LOCAL:<\/strong>&nbsp;Quadra dos Banc\u00e1rios<br><strong>ENDERE\u00c7O:<\/strong>&nbsp;Rua Tabatinguera, 192 \u2013 Centro \u2013 S\u00e3o Paulo<br><strong>RESERVA DE CONVITES:<\/strong>&nbsp;<a href=\"mailto:producao@projetocineb.com.br\">producao@projetocineb.com.br<\/a><\/p>\n\n\n\n<hr class=\"wp-block-separator has-alpha-channel-opacity\"\/>\n\n\n\n<h2>CINEMA BRASILEIRO EM VARGEM GRANDE PAULISTA<\/h2>\n\n\n\n<p><strong>DATA:<\/strong>&nbsp;29 de outubro \u2013 quarta-feira \u2013 19h<br><strong>LOCAL:<\/strong>&nbsp;Quadra Esportiva<br><strong>ENDERE\u00c7O:<\/strong>&nbsp;S\u00e3o Marcos \u2013 Pra\u00e7a 7<br><strong>EM CASO DE CHUVA:<\/strong>&nbsp;Espa\u00e7o Cine Frame<br><strong>ENDERE\u00c7O:<\/strong>&nbsp;Mairipor\u00e3, 375 \u2013 Jardim S\u00e3o Marcos<br><strong>RETIRADA DE CONVITES:<\/strong>&nbsp;Com a equipe local<\/p>\n\n\n\n<hr class=\"wp-block-separator has-alpha-channel-opacity\"\/>\n\n\n\n<h2>CINEMA BRASILEIRO NO PRESTES MAIA<\/h2>\n\n\n\n<p><strong>DATA:<\/strong>&nbsp;25 de setembro \u2013 quinta-feira \u2013 19h<br><strong>LOCAL:<\/strong>&nbsp;Conjunto Jos\u00e9 Bonif\u00e1cio<br><strong>ENDERE\u00c7O:<\/strong>&nbsp;Rua Guilherme de Abreu Sodr\u00e9, n\u00ba 100 \u2013 Bairro Cidade Tiradentes<br><strong>RETIRADA DE CONVITES:<\/strong>&nbsp;Next<\/p>\n\n\n\n<hr class=\"wp-block-separator has-alpha-channel-opacity\"\/>\n\n\n\n<h2>CINEMA BRASILEIRO NO IN\u00c1CIO MONTEIRO<\/h2>\n\n\n\n<p><strong>DATA:<\/strong>&nbsp;24 de setembro \u2013 quarta-feira \u2013 19h<br><strong>LOCAL:<\/strong>&nbsp;AMBF \u2013 Associa\u00e7\u00e3o de Moradores Benfica<br><strong>ENDERE\u00c7O:<\/strong>&nbsp;Rua Bar\u00e3o Antonio de Benfica, 35 \u2013 Bairro Cidade Tiradentes<br><strong>RETIRADA DE CONVITES:<\/strong>&nbsp;Danda<\/p>\n\n\n\n<hr class=\"wp-block-separator has-alpha-channel-opacity\"\/>\n\n\n\n<h2>CINEMA BRASILEIRO NA CENTRAL 65 \u2014 AO AR LIVRE<\/h2>\n\n\n\n<p><strong>DATA:<\/strong>&nbsp;21 de setembro \u2013 domingo \u2013 19h<br><strong>LOCAL:<\/strong>&nbsp;Associa\u00e7\u00e3o do Bem, Cidade Tiradentes<br><strong>ENDERE\u00c7O:<\/strong>&nbsp;Rua Aldo Lombardi, n\u00ba 85 \u2013 Bairro Cidade Tiradentes<br><strong>RETIRADA DE CONVITES:<\/strong>&nbsp;F\u00e1tima<\/p>\n\n\n\n<hr class=\"wp-block-separator has-alpha-channel-opacity\"\/>\n\n\n\n<h2>CINEMA BRASILEIRO NO JARDIM SYDNEY<\/h2>\n\n\n\n<p><strong>DATA:<\/strong>&nbsp;19 de setembro \u2013 sexta-feira \u2013 19h<br><strong>LOCAL:<\/strong>&nbsp;Associa\u00e7\u00e3o Bem Que Me Faz<br><strong>ENDERE\u00c7O:<\/strong>&nbsp;Rua Campinorte, 157 \u2013 Jardim Sydney \u2013 Pirituba<br><strong>RETIRADA DE CONVITES:<\/strong>&nbsp;Com Nyll Rodrigues<\/p>\n\n\n\n<hr class=\"wp-block-separator has-alpha-channel-opacity\"\/>\n\n\n\n<h2>CINEMA BRASILEIRO NO CANGA\u00cdBA<\/h2>\n\n\n\n<p><strong>DATA:<\/strong>&nbsp;30 de agosto \u2013 s\u00e1bado \u2013 19h<br><strong>LOCAL:<\/strong>&nbsp;Associa\u00e7\u00e3o Santo Henrique<br><strong>ENDERE\u00c7O:<\/strong>&nbsp;Rua S\u00e9rgio da Silva Nobreza, 661 \u2013 Casa 220 \u2013 Vila Santo Henrique<br><strong>RETIRADA DE CONVITES:<\/strong>&nbsp;No local<\/p>\n\n\n\n<hr class=\"wp-block-separator has-alpha-channel-opacity\"\/>\n\n\n\n<h2>CINEMA BRASILEIRO NO SINDICATO DOS BANC\u00c1RIOS DE S\u00c3O PAULO \u2014 AUDIT\u00d3RIO AMARELO<\/h2>\n\n\n\n<p><strong>DATA:<\/strong>&nbsp;28 de agosto \u2013 quinta-feira \u2013 18h30<br><strong>LOCAL:<\/strong>&nbsp;Audit\u00f3rio Amarelo<br><strong>ENDERE\u00c7O:<\/strong>&nbsp;Rua S\u00e3o Bento, 413 \u2013 Centro \u2013 S\u00e3o Paulo<br><strong>RESERVA DE CONVITES:<\/strong>&nbsp;pelo e-mail&nbsp;<a href=\"mailto:producao@projetocineb.com.br\">producao@projetocineb.com.br<\/a><\/p>\n\n\n\n<hr class=\"wp-block-separator has-alpha-channel-opacity\"\/>\n\n\n\n<h2>CINEMA BRASILEIRO EM JUQUITIBA<\/h2>\n\n\n\n<p><strong>DATA:<\/strong>&nbsp;23 de agosto \u2013 s\u00e1bado \u2013 19h<br><strong>LOCAL:<\/strong>&nbsp;Pra\u00e7a PEC<br><strong>ENDERE\u00c7O:<\/strong>&nbsp;Av. Tancredo de Almeida Neves<br><strong>RETIRADA DE CONVITES:<\/strong>&nbsp;Respons\u00e1veis Vini Basti\u00e3o e Tamires Caroline \u2013 Mandato Deputado Luiz Cl\u00e1udio Marcolino<\/p>\n\n\n\n<hr class=\"wp-block-separator has-alpha-channel-opacity\"\/>\n\n\n\n<h2>CINEMA BRASILEIRO NO RESIDENCIAL FRANCA<\/h2>\n\n\n\n<p><strong>DATA:<\/strong>&nbsp;22 de agosto \u2013 sexta-feira \u2013 19h<br><strong>LOCAL:<\/strong>&nbsp;Condom\u00ednio Residencial Franca<br><strong>ENDERE\u00c7O:<\/strong>&nbsp;Av. Engenheiro Heitor Antonio Eiras Garcia, 7.443 \u2013 Jo\u00e3o XXIII<br><strong>RETIRADA DE CONVITES:<\/strong>&nbsp;Entregues pela administra\u00e7\u00e3o do condom\u00ednio<\/p>\n\n\n\n<hr class=\"wp-block-separator has-alpha-channel-opacity\"\/>\n\n\n\n<h2>CINEMA BRASILEIRO NO JARDIM EMBUR\u00c1<\/h2>\n\n\n\n<p><strong>DATA:<\/strong>&nbsp;16 de agosto \u2013 s\u00e1bado \u2013 19h<br><strong>LOCAL:<\/strong>&nbsp;Vov\u00f3 Mariazinha Rocha 2<br><strong>ENDERE\u00c7O:<\/strong>&nbsp;Rua Benedito Schunck, 2<br><strong>RETIRADA DE CONVITES:<\/strong>&nbsp;Na secretaria<\/p>\n\n\n\n<hr class=\"wp-block-separator has-alpha-channel-opacity\"\/>\n\n\n\n<h2>SESS\u00c3O ESPECIAL DO CINEB \u2014 EXIBI\u00c7\u00c3O DO FILME&nbsp;<em>O \u00daLTIMO DRIVE-IN<\/em><\/h2>\n\n\n\n<p><strong>DATA:<\/strong>&nbsp;29 de maio \u2013 quinta-feira \u2013 19h<br><strong>LOCAL:<\/strong>&nbsp;Audit\u00f3rio Amarelo \u2013 Sindicato dos Banc\u00e1rios de S\u00e3o Paulo<br><strong>ENDERE\u00c7O:<\/strong>&nbsp;Rua S\u00e3o Bento, 413 \u2013 Centro \u2013 S\u00e3o Paulo<br><strong>RESERVAS:<\/strong>&nbsp;pelo e-mail&nbsp;<a href=\"mailto:producao@projetocineb.com.br\">producao@projetocineb.com.br<\/a><\/p>\n\n\n\n<hr class=\"wp-block-separator has-alpha-channel-opacity\"\/>\n\n\n\n<h2>SESS\u00c3O ESPECIAL DO CINEB \u2014 EXIBI\u00c7\u00c3O DO FILME&nbsp;<em>AMIGO SECRETO<\/em><\/h2>\n\n\n\n<p><strong>DATA:<\/strong>&nbsp;23 de maio \u2013 sexta-feira \u2013 18h30<br><strong>LOCAL:<\/strong>&nbsp;Audit\u00f3rio Amarelo \u2013 Sindicato dos Banc\u00e1rios de S\u00e3o Paulo<br><strong>ENDERE\u00c7O:<\/strong>&nbsp;Rua S\u00e3o Bento, 413 \u2013 Centro \u2013 S\u00e3o Paulo<br><strong>RESERVAS:<\/strong>&nbsp;pelo e-mail&nbsp;<a href=\"mailto:producao@projetocineb.com.br\">producao@projetocineb.com.br<\/a><\/p>\n\n\n\n<hr class=\"wp-block-separator has-alpha-channel-opacity\"\/>\n\n\n\n<h2>CINEMA BRASILEIRO NO CENTRO UNIVERSIT\u00c1RIO CAT\u00d3LICO \u00cdTALO-BRASILEIRO<\/h2>\n\n\n\n<p><strong>DATA:<\/strong>&nbsp;21 de maio \u2013 quarta-feira \u2013 9h<br><strong>LOCAL:<\/strong>&nbsp;Teatro Spazio It\u00e1lia<br><strong>ENDERE\u00c7O:<\/strong>&nbsp;Av. Jo\u00e3o Dias, 2046 \u2013 Santo Amaro \u2013 S\u00e3o Paulo<\/p>\n\n\n\n<hr class=\"wp-block-separator has-alpha-channel-opacity\"\/>\n\n\n\n<h2>CINEMA BRASILEIRO NO JARDIM DAS CAM\u00c9LIAS<\/h2>\n\n\n\n<p><strong>DATA:<\/strong>&nbsp;26 de abril \u2013 s\u00e1bado \u2013 19h<br><strong>LOCAL:<\/strong>&nbsp;Sociedade Amigos do Jardim das Cam\u00e9lias<br><strong>ENDERE\u00c7O:<\/strong>&nbsp;Rua Antonio Freire da Silva, 129 \u2013 Jardim das Cam\u00e9lias \u2013 S\u00e3o Miguel Paulista<\/p>\n\n\n\n<hr class=\"wp-block-separator has-alpha-channel-opacity\"\/>\n\n\n\n<h2>CINEMA BRASILEIRO NO CENTRO UNIVERSIT\u00c1RIO DAS AM\u00c9RICAS \u2014 FAM<\/h2>\n\n\n\n<p><strong>DATA:<\/strong>&nbsp;27 de mar\u00e7o \u2013 quinta-feira \u2013 19h<br><strong>LOCAL:<\/strong>&nbsp;Audit\u00f3rio da unidade<br><strong>ENDERE\u00c7O:<\/strong>&nbsp;Rua Augusta, 973<br><strong>RETIRADA DE CONVITES:<\/strong>&nbsp;No hall da entrada do campus, 1 hora antes da sess\u00e3o<\/p>\n\n\n\n<hr class=\"wp-block-separator has-alpha-channel-opacity\"\/>\n\n\n\n<h2>CINEMA BRASILEIRO NA CH\u00c1CARA FL\u00d3RIDA<\/h2>\n\n\n\n<p><strong>DATA:<\/strong>&nbsp;23 de mar\u00e7o \u2013 domingo \u2013 19h<br><strong>LOCAL:<\/strong>&nbsp;Arco Associa\u00e7\u00e3o Beneficente<br><strong>ENDERE\u00c7O:<\/strong>&nbsp;Rua Lic\u00ednio Felini, 97 \u2013 Ch\u00e1cara Fl\u00f3rida<br><strong>RETIRADA DE CONVITES:<\/strong>&nbsp;Na secretaria<\/p>\n\n\n\n<hr class=\"wp-block-separator has-alpha-channel-opacity\"\/>\n\n\n\n<h2>CINEMA BRASILEIRO AO AR LIVRE EM EMBU-GUA\u00c7U<\/h2>\n\n\n\n<p><strong>DATA:<\/strong>&nbsp;22 de mar\u00e7o \u2013 s\u00e1bado \u2013 19h<br><strong>LOCAL:<\/strong>&nbsp;Pra\u00e7a Embu-Gua\u00e7u \u2013 Sess\u00e3o ao ar livre<br><strong>ENDERE\u00c7O:<\/strong>&nbsp;Av. Riviera, 1.465 \u2013 Recreio Balne\u00e1rio Flamingo<br><strong>RETIRADA DE CONVITES:<\/strong>&nbsp;A definir<\/p>\n\n\n\n<hr class=\"wp-block-separator has-alpha-channel-opacity\"\/>\n\n\n\n<h2>CINEMA BRASILEIRO NO JARDIM SYDNEY<\/h2>\n\n\n\n<p><strong>DATA:<\/strong>&nbsp;21 de mar\u00e7o \u2013 sexta-feira \u2013 19h<br><strong>LOCAL:<\/strong>&nbsp;Associa\u00e7\u00e3o Bem Que Me Faz<br><strong>ENDERE\u00c7O:<\/strong>&nbsp;Rua Campinorte, 157 \u2013 Jardim Sydney \u2013 Pirituba<br><strong>RETIRADA DE CONVITES:<\/strong>&nbsp;Falar com Nyll Rodrigues<\/p>\n\n\n\n<hr class=\"wp-block-separator has-alpha-channel-opacity\"\/>\n\n\n\n<h2>CINEMA BRASILEIRO NA UNIVERSIDADE FIAM FAAM<\/h2>\n\n\n\n<p><strong>DATA:<\/strong>&nbsp;20 de mar\u00e7o \u2013 quinta-feira \u2013 19h<br><strong>LOCAL:<\/strong>&nbsp;Audit\u00f3rio da Vila Mariana \u2013 Fiamfaam \u2013 Campus Vila Mariana<br><strong>ENDERE\u00c7O:<\/strong>&nbsp;Avenida Lins de Vasconcelos, 3406 \u2013 S\u00e3o Paulo<br><strong>RETIRADA DE CONVITES:<\/strong>&nbsp;Na entrada da sess\u00e3o<\/p>\n\n\n\n<hr class=\"wp-block-separator has-alpha-channel-opacity\"\/>\n\n\n\n<h2>CINEMA BRASILEIRO EM JANDIRA<\/h2>\n\n\n\n<p><strong>DATA:<\/strong>&nbsp;27 de fevereiro \u2013 quinta-feira \u2013 19h<br><strong>LOCAL:<\/strong>&nbsp;Comunidade C\u00e1ritas S\u00e3o Francisco de Assis<br><strong>ENDERE\u00c7O:<\/strong>&nbsp;Rua Paloma Carolina, 205 \u2013 Vila Dolores Paschoalin \u2013 Jandira\/SP<br><strong>RETIRADA DE CONVITES:<\/strong>&nbsp;Na secretaria<\/p>\n\n\n\n<hr class=\"wp-block-separator has-alpha-channel-opacity\"\/>\n\n\n\n<h2>CINEMA BRASILEIRO NO PARQUE NOVO MUNDO<\/h2>\n\n\n\n<p><strong>DATA:<\/strong>&nbsp;25 de fevereiro \u2013 ter\u00e7a-feira \u2013 19h<br><strong>LOCAL:<\/strong>&nbsp;Quadra Esportiva<br><strong>ENDERE\u00c7O:<\/strong>&nbsp;Rua Giuseppe Marino, 180 \u2013 Parque Novo Mundo \u2013 S\u00e3o Paulo\/SP<br><strong>RETIRADA DE CONVITES:<\/strong>&nbsp;Falar com Maeli Regiane, Sirlene ou Aline<\/p>\n\n\n\n<hr class=\"wp-block-separator has-alpha-channel-opacity\"\/>\n\n\n\n<h2>CINEMA BRASILEIRO NO SINDICATO DOS BANC\u00c1RIOS<\/h2>\n\n\n\n<p><strong>DATA:<\/strong>&nbsp;30 de janeiro \u2013 quinta-feira \u2013 18h30<br><strong>LOCAL:<\/strong>&nbsp;Audit\u00f3rio Amarelo<br><strong>ENDERE\u00c7O:<\/strong>&nbsp;Rua S\u00e3o Bento, 413 \u2013 Centro \u2013 S\u00e3o Paulo<br><strong>RETIRADA DE CONVITES:<\/strong>&nbsp;Pelo e-mail&nbsp;<a href=\"mailto:producaocineb@brazucah.com.br\">producaocineb@brazucah.com.br<\/a><\/p>\n\n\n\n<hr class=\"wp-block-separator has-alpha-channel-opacity\"\/>\n\n\n\n<h2>CINEMA BRASILEIRO EM EMBU-GUA\u00c7U<\/h2>\n\n\n\n<p><strong>DATA:<\/strong>&nbsp;25 de janeiro \u2013 s\u00e1bado \u2013 19h&nbsp;<em>(confirmar)<\/em><br><strong>LOCAL:<\/strong>&nbsp;Flamingo \u2013 Embu-Gua\u00e7u \u2013 SP<br><strong>ENDERE\u00c7O:<\/strong>&nbsp;Estrada Municipal do Flamingo, 44<br><strong>RETIRADA DE CONVITES:<\/strong>&nbsp;Com Teus\/Jozimar<\/p>\n\n\n\n<hr class=\"wp-block-separator has-alpha-channel-opacity\"\/>\n\n\n\n<h1>SESS\u00d5ES REALIZADAS EM ANOS ANTERIORES<\/h1>\n\n\n\n<p><strong>CONFIRA AS SESS\u00d5ES REALIZADAS EM 2024<\/strong><br><a href=\"https:\/\/projetocineb.com.br\/?page_id=28664\">https:\/\/projetocineb.com.br\/?page_id=28664<\/a><\/p>\n\n\n\n<p><strong>CONFIRA AS SESS\u00d5ES REALIZADAS EM 2023<\/strong><br><a href=\"https:\/\/projetocineb.com.br\/?page_id=28660\">https:\/\/projetocineb.com.br\/?page_id=28660<\/a><\/p>\n\n\n\n<p><strong>CONFIRA AS SESS\u00d5ES REALIZADAS EM 2022<\/strong><br><a href=\"https:\/\/projetocineb.com.br\/?page_id=20638\">https:\/\/projetocineb.com.br\/?page_id=20638<\/a><\/p>\n\n\n\n<p><strong>CONFIRA AS SESS\u00d5ES REALIZADAS EM 2021<\/strong><br><a href=\"https:\/\/projetocineb.com.br\/?page_id=20632\">https:\/\/projetocineb.com.br\/?page_id=20632<\/a><\/p>\n\n\n\n<p><strong>CONFIRA AS SESS\u00d5ES REALIZADAS EM 2020<\/strong><br><a href=\"http:\/\/projetocineb.com.br\/?page_id=12595\">http:\/\/projetocineb.com.br\/?page_id=12595<\/a><\/p>\n\n\n\n<p><strong>CONFIRA AS SESS\u00d5ES REALIZADAS EM 2019<\/strong><br><a href=\"http:\/\/projetocineb.com.br\/?page_id=11671\">http:\/\/projetocineb.com.br\/?page_id=11671<\/a><\/p>\n\n\n\n<p><strong>CONFIRA AS SESS\u00d5ES REALIZADAS EM 2018<\/strong><br><a href=\"http:\/\/projetocineb.com.br\/?page_id=11283\">http:\/\/projetocineb.com.br\/?page_id=11283<\/a><\/p>\n\n\n\n<p><strong>CONFIRA AS SESS\u00d5ES REALIZADAS EM 2017<\/strong><br><a href=\"http:\/\/projetocineb.com.br\/?page_id=10537\">http:\/\/projetocineb.com.br\/?page_id=10537<\/a><\/p>\n\n\n\n<p><strong>CONFIRA AS SESS\u00d5ES REALIZADAS EM 2016<\/strong><br><a href=\"http:\/\/projetocineb.com.br\/?page_id=8617\">http:\/\/projetocineb.com.br\/?page_id=8617<\/a><\/p>\n\n\n\n<p><strong>CONFIRA AS SESS\u00d5ES REALIZADAS EM 2015<\/strong><br><a href=\"http:\/\/projetocineb.com.br\/?page_id=7080\">http:\/\/projetocineb.com.br\/?page_id=7080<\/a><\/p>\n\n\n\n<p><strong>CONFIRA AS SESS\u00d5ES REALIZADAS EM 2014<\/strong><br><a href=\"http:\/\/projetocineb.com.br\/?page_id=6079\">http:\/\/projetocineb.com.br\/?page_id=6079<\/a><\/p>\n\n\n\n<p><strong>CONFIRA AS SESS\u00d5ES REALIZADAS EM 2013<\/strong><br><a href=\"http:\/\/projetocineb.com.br\/?page_id=5389\">http:\/\/projetocineb.com.br\/?page_id=5389<\/a><\/p>\n","protected":false},"excerpt":{"rendered":"<p>SESS\u00d5ES EXIBIDAS EM 2026 CINEMA BRASILEIRO NA VILA SANTO ESTEFANO DATA:&nbsp;29 de agosto \u2013 s\u00e1bado \u2013 19hLOCAL:&nbsp;ONG Novos Herdeiros Human\u00edsticosENDERE\u00c7O:&nbsp;Rua[&#8230;]<\/p>\n","protected":false},"author":2,"featured_media":0,"parent":0,"menu_order":3,"comment_status":"closed","ping_status":"closed","template":"","meta":[],"_links":{"self":[{"href":"https:\/\/projetocineb.com.br\/index.php?rest_route=\/wp\/v2\/pages\/464"}],"collection":[{"href":"https:\/\/projetocineb.com.br\/index.php?rest_route=\/wp\/v2\/pages"}],"about":[{"href":"https:\/\/projetocineb.com.br\/index.php?rest_route=\/wp\/v2\/types\/page"}],"author":[{"embeddable":true,"href":"https:\/\/projetocineb.com.br\/index.php?rest_route=\/wp\/v2\/users\/2"}],"replies":[{"embeddable":true,"href":"https:\/\/projetocineb.com.br\/index.php?rest_route=%2Fwp%2Fv2%2Fcomments&post=464"}],"version-history":[{"count":15,"href":"https:\/\/projetocineb.com.br\/index.php?rest_route=\/wp\/v2\/pages\/464\/revisions"}],"predecessor-version":[{"id":34465,"href":"https:\/\/projetocineb.com.br\/index.php?rest_route=\/wp\/v2\/pages\/464\/revisions\/34465"}],"wp:attachment":[{"href":"https:\/\/projetocineb.com.br\/index.php?rest_route=%2Fwp%2Fv2%2Fmedia&parent=464"}],"curies":[{"name":"wp","href":"https:\/\/api.w.org\/{rel}","templated":true}]}}